{"id":3341,"date":"2025-04-10T23:51:35","date_gmt":"2025-04-10T21:51:35","guid":{"rendered":"https:\/\/artscool.ch\/?post_type=podcast&#038;p=3341"},"modified":"2025-04-10T23:55:18","modified_gmt":"2025-04-10T21:55:18","slug":"scott-carmen-perrin","status":"publish","type":"podcast","link":"https:\/\/artscool.ch\/de\/podcast\/scott-carmen-perrin\/","title":{"rendered":"Scott &amp; Carmen Perrin"},"content":{"rendered":"<h2><strong>Hallo, mein Name ist Scott, ich bin 14 Jahre alt und wohne in Cugy.<\/strong><\/h2>\r\n<p>&nbsp;<\/p>\r\n<h2><strong>Kunst ist f\u00fcr mich eine andere Art, eine Botschaft zu evozieren oder eine Realit\u00e4t zu zeigen, die es nicht mehr gibt.<\/strong><\/h2>\r\n<p>&nbsp;<\/p>\r\n<h2><strong>Heute bin ich mit der K\u00fcnstlerin Carmen Perrin in ihrem Atelier in Carouge im Kanton Genf verabredet. Kommst du mit?<\/strong><\/h2>\r\n<h2>\u00a0<\/h2>\r\n<p>SCOTT: Ich befinde mich in einem Stadtteil von Genf, der etwas industriell gepr\u00e4gt ist. Es fahren viele Autos und Lastwagen vorbei. Ich muss die Werkstatt suchen...<br \/>Erster Stock, Carmen Perrin. Wir gehen durch die T\u00fcr in einen gro\u00dfen, dunklen Flur. Am Ende ist eine T\u00fcr mit Plakaten, ich frage mich, ob es das ist... Ja, hier ist \"Carmen Perrin\"!<\/p>\r\n<p>Guten Tag, Madame. Sehr erfreut, mein Name ist Scott.<\/p>\r\n<p>CARMEN PERRIN: Willkommen in meinem Atelier.<\/p>\r\n<p>SCOTT: Ich bin reingegangen und es ist wie im Himmel, es ist supersch\u00f6n. Es ist hell! Ist das Ihr Paradies?<\/p>\r\n<p>CARMEN PERRIN: Ja, das ist das Paradies. Eigentlich ist es ein Ort, an dem viele Dinge passieren: Es gibt viele Spannungen innerhalb der Werke, die Momente des Nachdenkens sind, des Kampfes mit den Materialien, mit den grafischen Elementen und so weiter. Gleichzeitig ist es aber auch wie eine H\u00f6hle, in der ich arbeite und in eine sehr enge Beziehung zu den verschiedenen Arbeitsschritten, den Materialien, meinen Gedanken und auch meinen Gef\u00fchlen eintauche.<\/p>\r\n<p>SCOTT: Es gibt viel Gelb; ich mag diese Farbe, weil sie sehr positiv ist. Es ist eine Farbe, die mich gl\u00fccklich macht. Ist das der Grund, warum Sie das machen?<\/p>\r\n<p>CARMEN PERRIN: Eigentlich benutze ich Gelb in allem, was ich mache, als ein Element, das das Licht einf\u00e4ngt und zur\u00fcckwirft. Wenn man die Sonne zeichnet, ist sie gelb, und alle leuchtenden Elemente sind gelb. Ich wei\u00df, dass Gelb f\u00fcr manche Menschen eine nicht ganz positive Farbe ist; manchmal vermittelt sie ein Gef\u00fchl von Aggressivit\u00e4t. Ich versuche, sie als Kontrast zu Schwarz zu verwenden: Ich finde, dass sie auf diese Weise sehr erz\u00e4hlerisch wirkt. Es ist etwas Mysteri\u00f6ses, das ich nicht erkl\u00e4ren kann, das mich aber immer anzieht.<\/p>\r\n<p>SCOTT: Wenn ich das sehe, denke ich sofort an den Sommer, an Markisen oder Twister-Eis.<\/p>\r\n<p>CARMEN PERRIN: Mein Ausgangspunkt ist eigentlich ein ganz anderer, aber ich mag deine Lekt\u00fcre sehr! Bei mehreren Skulpturen, ob Wand- oder dreidimensionale Skulpturen, interessiert es mich, von einem industriellen Objekt oder einem industriellen Material auszugehen, wie Ziegelstein, oder dort von Rollmeistern... Es gibt alle Zeichen, die ich hinterlassen habe, damit man trotzdem dieses Material erahnen kann, das urspr\u00fcnglich nicht sehr gut ist, das sehr funktionell ist; aber ich versuche, seine wundersch\u00f6ne gelbe Farbe (die auf der R\u00fcckseite ist) hervorzuheben und daraus ein Objekt zu machen, das durch seine fast handwerkliche Dimension auff\u00e4llt. Es ist geflochten, wie ein geflochtenes Kissen, und man sieht, dass es mit der Hand bearbeitet wurde. Es gibt eine Art Heimwerkeraspekt, der in meiner Arbeit sehr wichtig ist, weil er die Zeit der Herstellung einf\u00e4ngt.<\/p>\r\n<p>Gleichzeitig ist es sehr wichtig, dass man beim Betreten des Ateliers das Gef\u00fchl hat, sofort zu verstehen, was vor sich geht, und nicht zuerst denkt: \"Aua, aua, aua, was f\u00fcr eine Arbeit!\". F\u00fcr mich ist ein Werk misslungen, wenn man denkt: \"Aua, aua, aua\". Ich kann dir aber sagen, dass fast alle St\u00fccke in diesem Atelier sehr lange gedauert haben.<\/p>\r\n<p>SCOTT: Bevor ich hierher gekommen bin, habe ich mich ein wenig \u00fcber Sie informiert. Sie wurden 1953 in La Paz in Bolivien geboren. Sie arbeiten mit dem Volumen und dessen Umrissen. Sie zeichnen Formen im Raum, indem Sie tragende Strukturen unter Spannung setzen, die das Vakuum begrenzen. Diese Strukturen bestehen meist aus industriellen Materialien: Stahl, Blech, Beton. Sie kombinieren sie aber auch gerne mit nat\u00fcrlichen Rohstoffen wie Schiefer, Holz, Weidenruten oder mit k\u00fcnstlich hergestellten Materialien wie Ziegel oder Gummi. Was denken Sie?<\/p>\r\n<p>CARMEN PERRIN: Das ist eine Zusammenfassung, die einer Realit\u00e4t entspricht, die meiner Arbeitsstrategie zugrunde liegt. Aber gleichzeitig lasse ich in Verbindung mit jedem Material und jeder Art, ein Material zu begreifen, auch eine Form entstehen, die mir das Material im Moment diktiert. Deshalb hat man oft den Eindruck, dass es im Atelier oder in meinen Ausstellungen eine vielgestaltige Pr\u00e4senz gibt. Manchmal sagt man mir sogar: \"Es sieht so aus, als w\u00fcrden mehrere K\u00fcnstler zusammen ausstellen\". Das liegt daran, dass es mich einfach langweilt, Dinge zu wiederholen.<\/p>\r\n<p>Andererseits liebe ich es, oft mit demselben Material zu arbeiten. Und deshalb muss ich eine Art und Weise erfinden, wie ich mit dem Material umgehe, wie ich es anordne, wie ich es zusammensetze, ohne seine Qualit\u00e4t oder seine Vorz\u00fcge zu verraten, sondern indem ich mir eine Geschichte erz\u00e4hle, die v\u00f6llig anders ist und die mich zu einer Form f\u00fchrt, die mich \u00fcberrascht. Man hat den Eindruck, dass die Dinge sich \u00e4hneln, aber gleichzeitig erz\u00e4hlt jedes eine andere Geschichte.<\/p>\r\n<p>SCOTT: Und Ihre Definition von Kunst w\u00e4re \u00dcberraschung?<\/p>\r\n<p>CARMEN PERRIN: Nat\u00fcrlich, das gilt f\u00fcr alles, was ich tue, aber es gilt auch f\u00fcr das Leben, nicht wahr? Es ist sch\u00f6n, immer wieder \u00dcberraschungen zu erleben!<\/p>\r\n<p>SCOTT: Dann vielen Dank! Und bis bald.<\/p>\r\n<p>CARMEN PERRIN: Bis bald! Danke dir.<\/p>\r\n<p>&nbsp;<\/p>\r\n\r\n<p>\u00b0\u00b0<\/p>\r\n\r\n\r\n\r\n<p class=\"has-small-font-size\">ART'S COOL oder \"Art is cool\"!<\/p>\r\n\r\n\r\n\r\n<p class=\"has-small-font-size\">Dies ist eine Begegnung mit einem zeitgen\u00f6ssischen Kunstwerk in der Schweiz, betrachtet, erkundet, und hinterfragt von jungen Menschen. Auf die Fragen der Jugendlichen geben wiederum die K\u00fcnstlerin oder der K\u00fcnstler auf ihre Weise eine Antwort. Ganz einfach, nicht?<\/p>\r\n\r\n\r\n\r\n<p class=\"has-small-font-size\">In dieser dritten Staffel l\u00e4dt unser Podcast junge Leute dazu ein, mit K\u00fcnstlern in ihren Ateliers irgendwo in der Schweiz zu sprechen. In jeder Episode tauchen Sie in zwei sich erg\u00e4nzenden Sequenzen in das Herz des k\u00fcnstlerischen Schaffens ein: zuerst eine immersive Erkundung des Ateliers und dann eine Diskussion \u00fcber ein faszinierendes Objekt.<\/p>\r\n<p class=\"has-small-font-size\">Heute <strong>Scott<\/strong> traf den K\u00fcnstler <a href=\"https:\/\/www.carmenperrin.com\/\"><strong>Carmen Perrin<\/strong><\/a> in seinem Atelier in Carouge (Genf).<\/p>\r\n<p class=\"has-small-font-size\">Sammle zeitgen\u00f6ssische Kunst mit deinen Ohren! Die Webseite <a href=\"https:\/\/artscool.ch\/de\/\"><strong>artscool.ch\/de<\/strong><\/a> pr\u00e4sentiert alle Episoden, die seit Herbst 2021 ausgestrahlt wurden. Eine vielf\u00e4ltige und wachsende Sammlung! Ausserdem findest du dort alle Portraits der jugendlichen Fans der zeitgen\u00f6ssischen Kunst, die Kurzbiographien der interviewten K\u00fcnstlerinnen und K\u00fcnstler und die Bilder der Werke.<\/p>\r\n\r\n\r\n\r\n<p class=\"has-small-font-size\">Wenn Sie zur Verbreitung des ART'S COOL-Podcasts beitragen m\u00f6chten, z\u00f6gern Sie nicht, anderen davon zu erz\u00e4hlen, ihn zu abonnieren und ihm f\u00fcnf Sterne auf Ihrer bevorzugten H\u00f6rplattform zu geben. Sie k\u00f6nnen uns auch auf Instagram folgen, unter dem Account <a href=\"https:\/\/www.instagram.com\/young_pods\/\"><strong>young_pods<\/strong><\/a>.<\/p>\r\n<p class=\"has-small-font-size\">Der ART'S COOL Podcast wird dank der wertvollen Unterst\u00fctzung der Loterie Romande, der Ernst G\u00f6hner Stiftung, der Fondation Fran\u00e7oise Champoud, der Fondation Leenaards, der Fondation Oertli, der Fondation Sandoz, der Kantone Bern, Wallis, Waadt realisiert und ausgestrahlt.<\/p>\r\n<p class=\"has-small-font-size\">Dank an das Schweizerische Institut f\u00fcr Kunstwissenschaft (SIK-ISEA) f\u00fcr die biografischen Quellen zu den K\u00fcnstlern.<\/p>\r\n\r\n\r\n\r\n\r\n\r\n<p class=\"has-small-font-size\">Interview und Stimme: Florence Grivel.<br \/>Musik und Sounddesign: Christophe Gonet.<\/p>\r\n\r\n\r\n\r\n<p class=\"has-black-color has-text-color has-small-font-size\">Dies ist eine Produktion <a href=\"https:\/\/www.youngpods.ch\/\" target=\"_blank\" rel=\"noreferrer noopener\"><span style=\"text-decoration: underline;\"><strong>Young Pods<\/strong><\/span><\/a>.<\/p>","protected":false},"excerpt":{"rendered":"<p>Carouge (Genf) - Atelier von Carmen Perrin (1\/2): Scott erkundet die R\u00e4umlichkeiten und sein Blick wird auf k\u00f6stliche Weise von einem Werk gefangen, das ihn an ein Twister-Eis erinnert.<\/p>","protected":false},"featured_media":3314,"template":"","artist":[285],"canton":[141],"episode-":[284],"season":[133],"podcast-categories":[],"class_list":["post-3341","podcast","type-podcast","status-publish","has-post-thumbnail","hentry","artist-carmen-perrin","canton-geneve","episode--episode-98","season-season-3"],"acf":[],"_links":{"self":[{"href":"https:\/\/artscool.ch\/de\/wp-json\/wp\/v2\/podcast\/3341","targetHints":{"allow":["GET"]}}],"collection":[{"href":"https:\/\/artscool.ch\/de\/wp-json\/wp\/v2\/podcast"}],"about":[{"href":"https:\/\/artscool.ch\/de\/wp-json\/wp\/v2\/types\/podcast"}],"version-history":[{"count":3,"href":"https:\/\/artscool.ch\/de\/wp-json\/wp\/v2\/podcast\/3341\/revisions"}],"predecessor-version":[{"id":3344,"href":"https:\/\/artscool.ch\/de\/wp-json\/wp\/v2\/podcast\/3341\/revisions\/3344"}],"wp:featuredmedia":[{"embeddable":true,"href":"https:\/\/artscool.ch\/de\/wp-json\/wp\/v2\/media\/3314"}],"wp:attachment":[{"href":"https:\/\/artscool.ch\/de\/wp-json\/wp\/v2\/media?parent=3341"}],"wp:term":[{"taxonomy":"artist","embeddable":true,"href":"https:\/\/artscool.ch\/de\/wp-json\/wp\/v2\/artist?post=3341"},{"taxonomy":"canton","embeddable":true,"href":"https:\/\/artscool.ch\/de\/wp-json\/wp\/v2\/canton?post=3341"},{"taxonomy":"episode-","embeddable":true,"href":"https:\/\/artscool.ch\/de\/wp-json\/wp\/v2\/episode-?post=3341"},{"taxonomy":"season","embeddable":true,"href":"https:\/\/artscool.ch\/de\/wp-json\/wp\/v2\/season?post=3341"},{"taxonomy":"podcast-categories","embeddable":true,"href":"https:\/\/artscool.ch\/de\/wp-json\/wp\/v2\/podcast-categories?post=3341"}],"curies":[{"name":"wp","href":"https:\/\/api.w.org\/{rel}","templated":true}]}}