{"id":3332,"date":"2025-03-21T16:02:10","date_gmt":"2025-03-21T15:02:10","guid":{"rendered":"https:\/\/artscool.ch\/?post_type=podcast&#038;p=3332"},"modified":"2025-03-21T16:48:08","modified_gmt":"2025-03-21T15:48:08","slug":"amedeo-haus-am-gern","status":"publish","type":"podcast","link":"https:\/\/artscool.ch\/de\/podcast\/amedeo-haus-am-gern\/","title":{"rendered":"Amedeo &amp; Haus am Gern"},"content":{"rendered":"\r\n<h2><strong>Salut je m&rsquo;appelle Amedeo j&rsquo;ai vingt ans j&rsquo;habite \u00e0 Rolle.<\/strong><\/h2>\r\n<h2><br \/><strong>L&rsquo;art pour moi, c&rsquo;est une mani\u00e8re de faire du beau pour les gens.<\/strong><\/h2>\r\n<h2><br \/><strong>Aujourd&rsquo;hui j&rsquo;ai rendez-vous avec le duo d&rsquo;artistes Haus am Gern dans leur atelier \u00e0 Bienne. Tu viens?<\/strong><\/h2>\r\n<h2>\u00a0<\/h2>\r\n<p>AMEDEO: On est devant le centre Pasquart. D\u2019apr\u00e8s ce qu&rsquo;on m&rsquo;a dit, les artistes sont dans le m\u00eame b\u00e2timent. L\u2019entr\u00e9e administrative est \u00e0 l&rsquo;arri\u00e8re; je ne sais pas exactement o\u00f9 c&rsquo;est mais on va contourner le b\u00e2timent pour voir o\u00f9 on peut entrer.<\/p>\r\n<p>Je suis devant la porte de l&rsquo;entr\u00e9e administrative: je crois que c&rsquo;est l\u00e0! Troisi\u00e8me \u00e9tage.<\/p>\r\n<p>Voil\u00e0 on y est: c&rsquo;est marqu\u00e9 sur la porte, je ne peux pas me tromper\u2026 Bonjour!<\/p>\r\n<p>HAUS AM GERN &#8211; BARBARA &amp; RUDOLF: Bonjour!<\/p>\r\n<p>AMEDEO: Alors merci de m&rsquo;accueillir dans votre atelier. Quel est ce lieu, quelle est sa nature?<\/p>\r\n<p>HAUS AM GERN &#8211; RUDOLF: Ce lieu c&rsquo;\u00e9tait un home pour personnes \u00e2g\u00e9es qui n\u2019\u00e9tait plus assez confortable pour eux. On a eu la chance de pouvoir y installer nos ateliers. Et on habite aussi ici.<\/p>\r\n<p>HAUS AM GERN &#8211; BARBARA: Il faut s&rsquo;imaginer qu\u2019ici c&rsquo;\u00e9tait un long couloir; c&rsquo;\u00e9tait tout ouvert. Il y avait les chambres des gens (il y a m\u00eame encore des noms sur les armoires). On nous a demand\u00e9 de dire combien de m\u00e8tres carr\u00e9s on pouvait payer et [la g\u00e9rance] a fait construire quelques murs et on a maintenant quatre pi\u00e8ces.<\/p>\r\n<p>AMEDEO: Super; donc vous habitez ici aussi.<\/p>\r\n<p>HAUS AM GERN &#8211; BARBARA: Oui, on a deux chambres priv\u00e9es qui sont aussi en partie notre biblioth\u00e8que, puis deux ateliers, une sorte de cuisine avec une douche, une sorte de toilette avec une remise, et une sorte de grand hall o\u00f9 on fait tout ce qu&rsquo;on ne fait pas dans les autres pi\u00e8ces.<\/p>\r\n<p>AMEDEO: G\u00e9nial. On pourrait aller visiter l&rsquo;endroit o\u00f9 vous travaillez?<\/p>\r\n<p>HAUS AM GERN &#8211; RUDOLF: Bien s\u00fbr, on commence chez toi.<\/p>\r\n<p>HAUS AM GERN &#8211; BARBARA: Oui mais je veux juste ajouter une petite remarque qui en est une grande, en fait. On est un couple, c&rsquo;est pas toujours facile. Et on travaille ensemble; ce qui n\u2019est pas facile non plus. Rudolf travaille comme artiste et moi aussi; il faut donc de temps en temps se s\u00e9parer et on a deux ateliers externes. Dans l\u2019un d\u2019eux on travaille ensemble ou Rudolf y travaille seul. L&rsquo;autre c&rsquo;est chez moi et je ne laisse personne entrer.<\/p>\r\n<p>HAUS AM GERN &#8211; RUDOLF: Ici, il y a beaucoup de livres et il n&rsquo;y a pas vraiment de table o\u00f9 on travaille; c&rsquo;est principalement avec les ordinateurs que je travaille ici. Donc il n&rsquo;y a pas de couleur [de peinture] par terre.<\/p>\r\n<p>AMEDEO: Qu&rsquo;est-ce que tu utilises comme logiciel pour pour faire ton travail?<\/p>\r\n<p>HAUS AM GERN &#8211; RUDOLF: \u00c0 la base, je suis artiste-photographe; je travaille avec des appareils num\u00e9riques mais aussi analogiques. Mais il faut traiter et organiser les images sur ordinateur.<br \/>Et vous voyez l\u00e0-bas qu\u2019il y a beaucoup de classeurs: m\u00eame en tant qu\u2019artistes on a vraiment beaucoup d&rsquo;administration \u00e0 faire; \u00e7a prend beaucoup de temps.<\/p>\r\n<p>AMEDEO: Comme il n&rsquo;y a pas de couleur par terre on peut parler des livres.<\/p>\r\n<p>HAUS AM GERN &#8211; RUDOLF: On est aussi \u00e9diteurs; on a une maison d&rsquo;\u00e9dition qui s&rsquo;appelle Edition Haus am Gern, qu&rsquo;on fait ensemble depuis 2001. On a commenc\u00e9 avec un petit livre de po\u00e8mes et aujourd&rsquo;hui il y a plus de cent titres qui sont parus chez nous. \u00c7a c&rsquo;est aussi une grande partie de notre travail.<\/p>\r\n<p>AMEDEO: Pourquoi \u201cHaus am Gern\u201d<\/p>\r\n<p>HAUS AM GERN &#8211; BARBARA: \u00c7a c&rsquo;est une tr\u00e8s longue histoire\u2026 je ne sais pas si vous avez le temps! Mais c&rsquo;est une sorte de \u201cKungstgriff\u201d comme on dit en allemand. \u00c7a nous permet d\u2019entrer en discussion avec les gens, parce que les gens veulent toujours savoir \u2013 surtout les germanophones \u2013 s&rsquo; il y a une grande villa quelque part \u00e0 la campagne, ou bien un parc\u2026 Mais non, \u00e9videmment! <br \/>\u201cgern\u201d c\u2019est un mot allemand tr\u00e8s particulier qu\u2019on ne peut presque pas traduire, qui est un peu comme \u201clike\u201d ou \u201caimable\u201d. C&rsquo;est quelque chose qui entre tout de suite dans le c\u0153ur des gens. La force des mots qui cr\u00e9ent des images nous int\u00e9resse aussi\u2026<\/p>\r\n<p>AMEDEO: Vous habitez ensemble. Vous travaillez ensemble, m\u00eame si vous avez des ateliers plus ou moins s\u00e9par\u00e9s. Pourquoi ce choix de travailler ensemble?<\/p>\r\n<p>HAUS AM GERN &#8211; RUDOLF: Parce que d&rsquo;un c\u00f4t\u00e9 on est plus libre, on ose beaucoup plus, \u00e7a nous donne du courage. Et c&rsquo;est plus int\u00e9ressant.<\/p>\r\n<p>HAUS AM GERN &#8211; BARBARA: Il est tr\u00e8s pratique Rudolf. Je vois les choses de fa\u00e7on un petit peu plus large. Je crois que quand on pense, quand on r\u00e9fl\u00e9chit, puis qu\u2019on on se connecte, \u00e7a cr\u00e9e des r\u00e9flexions qui vont au-del\u00e0, qui se d\u00e9veloppent dans une autre direction. On sait que des cerveaux peuvent se connecter: c&rsquo;est un fait neurophysiologique connu. C&rsquo;est ce qui se passe souvent: \u00e7a veut dire qu\u2019il arrive des choses inattendues. Chacun, on est tr\u00e8s diff\u00e9rent; on re\u00e7oit de l&rsquo;autre des inspirations inattendues qui rendent possible une cr\u00e9ation inattendue.<\/p>\r\n<p>AMEDEO: J&rsquo;aimerais lire une description de votre travail: \u201cDepuis 1998, le couple d&rsquo;artistes Barbara Meyer Cesta et Rudolf Steiner travaillent sous le label Haus am Gern \u00e0 des projets communs. Leur \u0153uvre se concentre sur des sujets socialement pertinents qu&rsquo;ils adaptent avec l\u00e9g\u00e8ret\u00e9, ironie et un sens de la critique subtil et qu&rsquo;ils traduisent en \u0153uvre adapt\u00e9e au contexte. Leur \u0153uvre artistique fait appel \u00e0 des mat\u00e9riaux vari\u00e9s r\u00e9unissant dessins, photographies, vid\u00e9os, objets, installations et performances pour cr\u00e9er des \u0153uvres d&rsquo;art conceptuelles. Ils dirigent la maison d&rsquo;\u00e9dition de livres d&rsquo;artistes Edition Haus am Gern et sont impliqu\u00e9s dans la politique culturelle locale.<br \/>Est-ce que cette description vous convient Qu&rsquo;est-ce que vous avez \u00e0 en dire<\/p>\r\n<p>HAUS AM GERN &#8211; RUDOLF: Oui, je pense que \u00e7a me convient tr\u00e8s bien. Parce que je l&rsquo;ai \u00e9crit moi-m\u00eame.<\/p>\r\n<p>AMEDEO: Est-ce que je pourrais te demander d&rsquo;aller voir ton espace Barbara?<\/p>\r\n<p>HAUS AM GERN &#8211; BARBARA: Oui oui volontiers. J&rsquo;ai beaucoup plus de lumi\u00e8re: j&rsquo;adore la lumi\u00e8re. Voil\u00e0 des photos que j&rsquo;ai faites en Islande.<br \/>L\u00e0 on voit que presque toutes les tables ont des roulettes: comme \u00e7a, on peut s&rsquo;adapter \u00e0 ce qu&rsquo;on a \u00e0 faire. Hier, par exemple, j&rsquo;ai emball\u00e9 ici cinquante livres pour les envoyer. On vient de sortir un nouveau livre sur un artiste qui est mort il y a longtemps.<br \/>L\u00e0, il y a mon ordinateur avec mes six cents emails que j&rsquo;essaie de diminuer et puis il y a aussi notre troisi\u00e8me collaborateur c&rsquo;est Badiou.<\/p>\r\n<p>AMEDEO: C&rsquo;est un chat trop mignon: des yeux bleus magnifiques et un poil blanc dor\u00e9 sable trop beau. Trop chou! J&rsquo;adore les chats!<br \/>Alors j&rsquo;ai cru comprendre que vous travaillez relativement souvent dans l&rsquo;espace public, est-ce qu&rsquo;il y \u00e0 Bienne, o\u00f9 on se trouve, une \u0153uvre que vous avez produite?<\/p>\r\n<p>HAUS AM GERN &#8211; BARBARA: On a une \u0153uvre dans l&rsquo;espace public qui s&rsquo;appelle \u201cTexas\u201d. C\u2019est une barri\u00e8re blanche peinte \u00e0 la main par nous-m\u00eames; il y a une tribune dedans et aussi une prairie s\u00e8che.<\/p>\r\n<p>HAUS AM GERN &#8211; RUDOLF: \u201cTexas\u201d se trouve sur l&rsquo;esplanade pr\u00e8s du Palais des Congr\u00e8s. Et on est en train de creuser un trou sur la Gurzelen (pas sur le terrain Gurzelen mais sur l&rsquo;ancien parking de Gurzelen). On travaille depuis une ann\u00e9e et demi, je pense, et on creuse on creuse on creuse\u2026 Quand on aura fini de creuser, \u00e0 deux m\u00e8tres [de profondeur], on va planter un arbre.<\/p>\r\n<p>HAUS AM GERN &#8211; BARBARA: Un tilleul \u00e0 danser, pr\u00e9cis\u00e9ment. C&rsquo;est un tilleul qui va pousser devant une nouvelle maison construite pour des gens qui vont vivre l\u00e0, pour des enfants. Nous, on ne va jamais voir cet arbre quand il est grand, car on sera d\u00e9j\u00e0 mort. Peut-\u00eatre m\u00eame que les adultes qui vont habiter ne vont pas voir l&rsquo;arbre devenir adulte. Voil\u00e0, et puis nous on creuse ce trou nous-m\u00eames \u00e0 la main.<\/p>\r\n<p>AMEDEO: Qu&rsquo;est-ce qu&rsquo;elle raconte, pour vous, cette \u0153uvre qui vous fait creuser pendant si longtemps, si profond\u00e9ment, pour un arbre que vous n&rsquo;allez pas voir grandir?<\/p>\r\n<p>HAUS AM GERN &#8211; BARBARA: C&rsquo;est les gens qui vont nous raconter \u00e7a.<\/p>\r\n<p>HAUS AM GERN &#8211; RUDOLF: On invite les gens \u00e0 creuser avec nous.<\/p>\r\n<p>HAUS AM GERN &#8211; BARBARA: Oui, comme \u00e7a tout le monde aide \u00e0 planter un arbre qui pourra vivre mille ans. Robert Filliou avait dit que \u201cl&rsquo;art est ce qui rend la vie plus int\u00e9ressante que l&rsquo;art\u201d.<\/p>\r\n<p>HAUS AM GERN &#8211; RUDOLF: Je suis tout \u00e0 fait d&rsquo;accord avec lui.<\/p>\r\n<p>HAUS AM GERN &#8211; BARBARA: Nous on fait l&rsquo;art: notre d\u00e9finition de l&rsquo;art c\u2019est le r\u00e9aliser.<\/p>\r\n<p>AMEDEO: Merci beaucoup!<\/p>\r\n<p>HAUS AM GERN &#8211; RUDOLF: \u00c7a nous a fait plaisir! Merci.<\/p>\r\n<p>HAUS AM GERN &#8211; BARBARA: Tschau, tschau, z\u00e4me!<\/p>\r\n<p>&nbsp;<\/p>\r\n\r\n<p>\u00b0\u00b0<\/p>\r\n\r\n\r\n\r\n<p class=\"has-small-font-size\">ART\u2019S COOL autrement dit \u201cArt is cool\u201d!<\/p>\r\n\r\n\r\n\r\n<p class=\"has-small-font-size\">C&rsquo;est un rendez-vous avec une \u0153uvre d&rsquo;art contemporain suisse regard\u00e9e, expertis\u00e9e et questionn\u00e9e par des jeunes gens auxquels r\u00e9pond \u00e0 sa fa\u00e7on l&rsquo;artiste qui a r\u00e9alis\u00e9 l&rsquo;\u0153uvre. C\u2019est simple, non?<\/p>\r\n\r\n\r\n\r\n<p class=\"has-small-font-size\">Durant cette troisi\u00e8me saison, notre podcast invite les jeunes \u00e0 dialoguer avec les artistes dans leurs ateliers, quelque part en Suisse. Chaque \u00e9pisode vous plonge au c\u0153ur de la cr\u00e9ation artistique \u00e0 travers deux s\u00e9quences compl\u00e9mentaires: d\u2019abord une exploration immersive de l&rsquo;atelier, puis une discussion autour d&rsquo;un objet intriguant.<\/p>\r\n<p class=\"has-small-font-size\">Aujourd\u2019hui, <strong>Amedeo<\/strong> a rencontr\u00e9 le duo d\u2019artistes <a href=\"http:\/\/www.hausamgern.ch\/\"><strong>Haus am Gern<\/strong><\/a> dans leur atelier \u00e0 Bienne.<\/p>\r\n<p class=\"has-small-font-size\">Collectionnons l&rsquo;art contemporain avec nos oreilles! Le site <a href=\"https:\/\/artscool.ch\/\"><strong>artscool.ch<\/strong><\/a> rassemble tous les \u00e9pisodes diffus\u00e9s depuis l\u2019automne 2021. Une collection vari\u00e9e et grandissante! Vous y trouverez aussi les portraits des jeunes aficionadas et aficionados d&rsquo;art contemporain, les mini bio des artistes interview\u00e9s ainsi que les photos des \u0153uvres.<\/p>\r\n\r\n\r\n\r\n<p class=\"has-small-font-size\">Si vous souhaitez contribuer au rayonnement du podcast ART\u2019S COOL n&rsquo;h\u00e9sitez pas \u00e0 en parler autour de vous, \u00e0 vous abonner et \u00e0 lui attribuer cinq \u00e9toiles sur votre plateforme d\u2019\u00e9coute pr\u00e9f\u00e9r\u00e9e. Vous pouvez aussi nous suivre sur Instagram, sur le compte <a href=\"https:\/\/www.instagram.com\/young_pods\/\"><strong>young_pods<\/strong><\/a>.<\/p>\r\n<p class=\"has-small-font-size\">Le podcast ART\u2019S COOL est r\u00e9alis\u00e9 et diffus\u00e9 gr\u00e2ce au pr\u00e9cieux soutien de la Loterie Romande, de la Fondation Ernst G\u00f6hner, de la Fondation Fran\u00e7oise Champoud, de la Fondation Leenaards, de la Fondation Oertli, de la Fondation Sandoz, des cantons de Berne, Valais, Vaud.<\/p>\r\n<p class=\"has-small-font-size\">Remerciements \u00e0 l\u2019Institut suisse pour l\u2019\u00e9tude de l\u2019art (SIK-ISEA) pour les sources biographiques des artistes.<\/p>\r\n\r\n\r\n\r\n\r\n\r\n<p class=\"has-small-font-size\">Interview et voix: Florence Grivel.<br \/>Musique et habillage sonore: Christophe Gonet.<\/p>\r\n\r\n\r\n\r\n<p class=\"has-black-color has-text-color has-small-font-size\">C\u2019est une production <a href=\"https:\/\/www.youngpods.ch\/\" target=\"_blank\" rel=\"noreferrer noopener\"><span style=\"text-decoration: underline;\"><strong>Young Pods<\/strong><\/span><\/a>.<\/p>\r\n\r\n\r\n","protected":false},"excerpt":{"rendered":"<p>Biel - Atelier im Haus am Gern (1\/2): Amedeo erkundet die verschiedenen R\u00e4ume des Ateliers des K\u00fcnstlerduos. Arbeitsbereiche, Wohnraum und Lagerraum f\u00fcr ihre Verlagsaktivit\u00e4ten: Dieser vielseitige Ort hat viele Funktionen.<\/p>","protected":false},"featured_media":3309,"template":"","artist":[188],"canton":[137],"episode-":[283],"season":[133],"podcast-categories":[],"class_list":["post-3332","podcast","type-podcast","status-publish","has-post-thumbnail","hentry","artist-haus-am-gern","canton-bern-berne","episode--episode-96","season-season-3"],"acf":[],"_links":{"self":[{"href":"https:\/\/artscool.ch\/de\/wp-json\/wp\/v2\/podcast\/3332","targetHints":{"allow":["GET"]}}],"collection":[{"href":"https:\/\/artscool.ch\/de\/wp-json\/wp\/v2\/podcast"}],"about":[{"href":"https:\/\/artscool.ch\/de\/wp-json\/wp\/v2\/types\/podcast"}],"version-history":[{"count":2,"href":"https:\/\/artscool.ch\/de\/wp-json\/wp\/v2\/podcast\/3332\/revisions"}],"predecessor-version":[{"id":3336,"href":"https:\/\/artscool.ch\/de\/wp-json\/wp\/v2\/podcast\/3332\/revisions\/3336"}],"wp:featuredmedia":[{"embeddable":true,"href":"https:\/\/artscool.ch\/de\/wp-json\/wp\/v2\/media\/3309"}],"wp:attachment":[{"href":"https:\/\/artscool.ch\/de\/wp-json\/wp\/v2\/media?parent=3332"}],"wp:term":[{"taxonomy":"artist","embeddable":true,"href":"https:\/\/artscool.ch\/de\/wp-json\/wp\/v2\/artist?post=3332"},{"taxonomy":"canton","embeddable":true,"href":"https:\/\/artscool.ch\/de\/wp-json\/wp\/v2\/canton?post=3332"},{"taxonomy":"episode-","embeddable":true,"href":"https:\/\/artscool.ch\/de\/wp-json\/wp\/v2\/episode-?post=3332"},{"taxonomy":"season","embeddable":true,"href":"https:\/\/artscool.ch\/de\/wp-json\/wp\/v2\/season?post=3332"},{"taxonomy":"podcast-categories","embeddable":true,"href":"https:\/\/artscool.ch\/de\/wp-json\/wp\/v2\/podcast-categories?post=3332"}],"curies":[{"name":"wp","href":"https:\/\/api.w.org\/{rel}","templated":true}]}}