{"id":3220,"date":"2024-11-07T17:16:07","date_gmt":"2024-11-07T16:16:07","guid":{"rendered":"https:\/\/artscool.ch\/?post_type=podcast&#038;p=3220"},"modified":"2025-03-04T10:33:59","modified_gmt":"2025-03-04T09:33:59","slug":"louna-matthieu-gafsou","status":"publish","type":"podcast","link":"https:\/\/artscool.ch\/de\/podcast\/louna-matthieu-gafsou\/","title":{"rendered":"Louna &amp; Matthieu Gafsou"},"content":{"rendered":"<h2><strong>Hallo, mein Name ist Louna, ich bin neunzehn Jahre alt und wohne in Lausanne.<\/strong><\/h2>\r\n<h2><strong>Kunst ist f\u00fcr mich eine M\u00f6glichkeit, viele verschiedene Welten zu entdecken.<\/strong><\/h2>\r\n<h2><strong>Heute bin ich mit dem Fotografen Matthieu Gafsou in seinem Atelier in Lausanne verabredet. Kommst du mit?<\/strong><\/h2>\r\n<p>&nbsp;<\/p>\r\n<p>LOUNA: Ich bin auf der B\u00fcroseite des Ateliers von Matthieu Gafsou. Hallo!<\/p>\r\n<p>MATTHIEU GAFSOU: Guten Tag. Willkommen.<\/p>\r\n<p>LOUNA: Ich habe verstanden, dass Sie ein Fotograf sind, der sich mit vielen Themen wie Angst und Transhumanismus befasst. Sie besch\u00e4ftigen sich auch mit dem Unterrichten und dem Kontakt mit Menschen. Wollen Sie Ihre Kunst mit anderen teilen und ist das eine Wahl? Sie wollen Ihre Kunst nicht f\u00fcr sich behalten?<\/p>\r\n<p>MATTHIEU GAFSOU: Nein, aus mehreren Gr\u00fcnden. Am Anfang gibt es oft kleine Fehler, die einen zum K\u00fcnstler machen, das Bed\u00fcrfnis nach Anerkennung, das Gef\u00fchl, dass man etwas zu sagen hat und dass man ein bisschen daran glaubt, also gibt es Dinge, die mit dem Ego zusammenh\u00e4ngen. Und dann ist das Schaffen etwas, das v\u00f6llig wesentlich wird. Das hei\u00dft, dass mein Leben ohne Schaffen keinen Sinn mehr hat. Wenn ich zum Beispiel ein paar Monate lang keine Kunst mehr machen kann, bin ich total deprimiert. Es wird also viszeral. Es ist toll, dass ich durch diese Dinge Bedeutung aufbauen kann, es ist eine unglaubliche Chance.<\/p>\r\n<p>Man wird vielleicht nicht Million\u00e4r, ich jedenfalls nicht (auch wenn das bei manchen K\u00fcnstlern der Fall ist), aber es ist wirklich toll.<\/p>\r\n<p>LOUNA: Ich bin spazieren gegangen und habe einen kleinen Gegenstand gefunden, der mich fasziniert hat: eine kleine Schachtel, die sehr bunt und sehr originell aussieht. Ich habe mich nicht getraut, sie zu \u00f6ffnen, aber...<\/p>\r\n<p>MATTHIEU GAFSOU: Dann k\u00f6nnen wir sie \u00f6ffnen. Es ist eine Kiste, in der ich Schl\u00fcssel habe, Inbus-Schl\u00fcssel. Das ist also zum Basteln, denn als Fotograf hat man immer viele Stative, viele Dinge, die sich l\u00f6sen und abschrauben lassen. Ich liebe diese kleine Schachtel, aber ich wei\u00df jetzt nicht mehr, wo ich sie gefunden habe. \"Cigarette Nadir\": Das muss aus Nordafrika stammen, also gibt es in dieser Schachtel sicherlich eine kleine Verbindung zu meinen tunesischen Wurzeln. Aber ich finde sie sehr sch\u00f6n und sie liegt mir sehr am Herzen. Die andere Schachtel, die daneben steht, geh\u00f6rte meinem Gro\u00dfvater, der beim Milit\u00e4r war. Ich mag diese kleinen Schachteln also tats\u00e4chlich sehr gerne.<\/p>\r\n<p>LOUNA: Gibt es vielleicht eine Verbindung zwischen den beiden Metallk\u00e4sten und Ihrem Kunstwerk, das Sie auf Alufolie gedruckt haben und das sich direkt dar\u00fcber befindet?<\/p>\r\n<p>MATTHIEU GAFSOU: Ich denke, das ist ein bisschen zuf\u00e4llig, aber es l\u00e4sst sich auf das Foto beziehen, das auf Alu gedruckt ist. Es ist ein Foto, das einen Gletscher zeigt, ein etwas gequ\u00e4ltes Fragment eines Gletschers; es ist auf Alu gedruckt und das macht es verf\u00fchrerisch, spiegelnd. Ich spreche gerne \u00fcber das Sterben der Gletscher, in einem Projekt namens \"\u00c9l\u00e9gies\" (ausgestellt von Juli bis September 2024 in Sion), und mache sehr verf\u00fchrerische Bilder. Das ist ein bisschen zweideutig, ein bisschen widerspr\u00fcchlich, und ich mag diesen Widerspruch. Wenn die Gletscher als greifbare Manifestationen des Klimawandels ein wenig symbolisch geworden sind, gibt es etwas sehr Ambivalentes in unserer Beziehung zu all dem. Wir fahren trotzdem mit der Seilbahn oder dem Auto dorthin. Ich bin nicht wertend; ich spreche in meinen j\u00fcngsten Arbeiten viel \u00fcber \u00d6kologie, aber ich bin mir bewusst, dass ich Teil des Problems bin, von dem ich spreche, was es kompliziert macht. Ich f\u00fchle mich als K\u00fcnstler engagiert, aber nicht als Aktivist. Es ist mir wichtig, die Bedeutung ein wenig offen zu lassen, damit die Rezipienten sich die Bedeutung aneignen k\u00f6nnen, die sie in das Werk einflie\u00dfen lassen wollen, und manchmal vielleicht auch eine Debatte auszul\u00f6sen.<\/p>\r\n<p>LOUNA: Neben den alten Kisten voller Geschichten ist eine historische Kamera zu sehen und direkt daneben auf Ihrem Schreibtisch steht Ihr gro\u00dfer Computer, sogar zwei Computer, die Sie nat\u00fcrlich f\u00fcr Ihre Arbeit benutzen m\u00fcssen. Ist es Absicht, dass diese alte Kamera direkt daneben steht?<\/p>\r\n<p>MATTHIEU GAFSOU: Das ist interessant, denn ich habe den \u00dcbergang von der analogen zur digitalen Fotografie miterlebt. Ich verwende in meinem Alltag sehr viel digitale Technologie, aber die Kamera, die, glaube ich, aus den 1940er oder 1950er Jahren stammt, wurde mir von einem Journalisten und Fotografen geschenkt, als ich noch ganz am Anfang meiner fotografischen Laufbahn stand. Und ich habe mit dieser Kamera eine Reihe von Fotos in Russland gemacht. Diese Fotos waren Mittelformatnegative, also ziemlich gro\u00df. Ich habe sie mit einem Scanner, einem Ger\u00e4t dieser Art, digitalisiert und daraus digitale Dateien gemacht. Das ist wirklich etwas, was ich benutzt habe, es ist nicht nur Dekoration. Es gibt eine kleine emotionale Verbindung, denn es war ganz am Anfang und es hat mich ber\u00fchrt, dass der Fotograf mir das geschenkt hat. Es hat also etwas mit meiner Ausbildung als Fotograf zu tun und ist gleichzeitig super interessant, weil ich selbst mit dieser antiken Kamera bereits digitale Technologien hatte, die bei der Herstellung der Bilder eine Rolle spielten.<\/p>\r\n<p>Die Spannung in der Fotografie zwischen Heimwerkerei und Technologie ist in meiner Arbeit wichtig. Und ich bin weniger genau als andere Menschen, ich langweile mich schnell, wenn ich zu methodisch vorgehen muss. Ich habe etwas Spontanes am Basteln und gleichzeitig liebe ich es, wenn das Ergebnis am Ende perfekt und klinisch aussieht und den Eindruck erweckt, dass ich die Dinge im Griff habe, obwohl es chaotisch ist.<\/p>\r\n<p>LOUNA: K\u00f6nnten wir Ihren Computer sehen und was Sie darin verstecken?<\/p>\r\n<p>MATTHIEU GAFSOU: Das ist nicht einfach, denn ich werde Ihnen Bilder zeigen, die ich noch nie jemandem gezeigt habe und die noch nicht sehr gut sortiert sind, aber das ist es, woran ich gerade arbeite. Es handelt sich um die sogenannte \"Enqu\u00eate photographique vaudoise\": Alle zwei Jahre, glaube ich, schreibt der Kanton Stipendien f\u00fcr Fotografen aus, und die Auflage besteht darin, an dem sogenannten immateriellen Kulturerbe des Kantons Waadt zu arbeiten. Ich arbeite an einer Bewegung, die man Landjugend nennt, vielleicht kennst du sie...<\/p>\r\n<p>LOUNA: Ich glaube, ich habe davon geh\u00f6rt.<\/p>\r\n<p>MATTHIEU GAFSOU: Als Stadtmensch war ich wie du, das hei\u00dft, ich kannte sie vage vom Namen her, aber es ist eine Welt, die uns v\u00f6llig fremd ist, und ich arbeite seit anderthalb Jahren an dieser Welt. Es ist v\u00f6llig anders als in der Stadt; in vielerlei Hinsicht kann ich mich dort \u00fcberhaupt nicht zurechtfinden, aber ich versuche es auch. Ich war auch ziemlich ber\u00fchrt; hier geht es um das Tauziehen, das mir sehr gefallen hat, weil es sehr initiatorisch f\u00fcr das Erwachsenwerden ist, und deshalb habe ich viel fotografiert. Ich versuche, Haltungen einzufangen; hier sieht man zum Beispiel eine Gruppe von Jungen. Ich habe sehr darauf geachtet, m\u00f6glichst viele Frauen in diesem Projekt zu repr\u00e4sentieren, um die Geschlechterrollen nicht zu sehr zu reproduzieren.<\/p>\r\n<p>Und um einen Bruch mit diesen Bildern zu schaffen, habe ich auch Farblandschaften, die extrem wei\u00df, extrem klinisch sind und eher auf das verweisen, was man als Fotografie zu sehen gewohnt ist.<\/p>\r\n<p>Ich werde noch eine Studioarbeit hinzuf\u00fcgen, die ich gerade mache, mit Texten und auch mit Stillleben. Das ist ein laufendes Projekt; ich war in einem Moment, in dem ich nicht so recht an das Projekt geglaubt habe, und dann fange ich pl\u00f6tzlich wieder an, daran zu glauben, weil ich ins Studio gehe, weil ich Dinge finde, die einen Bruch mit diesen Fotos schaffen, die in gewisser Weise zu sehr an die Realit\u00e4t gebunden sind, die mir alleine nicht gen\u00fcgen w\u00fcrden.<\/p>\r\n<p>LOUNA: Im Gespr\u00e4ch mit dir habe ich festgestellt, dass du bei all deinen neuen Projekten viele verschiedene Techniken anwendest. Hast du schon eine Idee f\u00fcr dein n\u00e4chstes Projekt oder kommt das spontan?<\/p>\r\n<p>MATTHIEU GAFSOU: Ich bin mir noch nicht hundertprozentig sicher, aber ich denke, das n\u00e4chste Projekt hat bereits begonnen. Ich habe zwei kleine Projekte ausgestellt, eines mit dem Titel \"La mise \u00e0 mort de l'arbre mort\" und eines mit dem Titel \"\u00c9l\u00e9gies\", die ebenfalls einen Bezug zu unserer Umwelt haben, aber eigentlich direkter sind. Es ist die Materialit\u00e4t des Baumes und der Gletscher, die mich an diesen Projekten interessiert hat, und ich habe gro\u00dfe Lust, dies fortzusetzen, indem ich zum Beispiel die Frage des Wassers und der B\u00f6den durchdekliniere und in die Materie eintauche, vielleicht etwas weniger intellektuell bin und in etwas noch Sensibleres eintauche. Das ist schwierig, weil k\u00fcnstlerische Projekte, zumindest bei mir, einen Teil der Vernunft beinhalten und dann einen Moment, in dem man sich entscheidet... und da habe ich mich noch nicht ganz entschieden.<\/p>\r\n<p>LOUNA: Vielen Dank auf jeden Fall. Es war toll, mit dir zu sprechen!<\/p>\r\n<p>MATTHIEU GAFSOU: Dasselbe, vielen Dank, dass Sie gekommen sind. Es war toll!<\/p>\r\n<p>&nbsp;<\/p>\r\n\r\n<p>\u00b0\u00b0<\/p>\r\n\r\n\r\n\r\n<p class=\"has-small-font-size\">ART'S COOL oder \"Art is cool\"!<\/p>\r\n\r\n\r\n\r\n<p class=\"has-small-font-size\">Dies ist eine Begegnung mit einem zeitgen\u00f6ssischen Kunstwerk in der Schweiz, betrachtet, erkundet, und hinterfragt von jungen Menschen. Auf die Fragen der Jugendlichen geben wiederum die K\u00fcnstlerin oder der K\u00fcnstler auf ihre Weise eine Antwort. Ganz einfach, nicht?<\/p>\r\n\r\n\r\n\r\n<p class=\"has-small-font-size\">In dieser dritten Staffel l\u00e4dt unser Podcast junge Leute dazu ein, mit K\u00fcnstlern in ihren Ateliers irgendwo in der Schweiz zu sprechen. In jeder Episode tauchen Sie in zwei sich erg\u00e4nzenden Sequenzen in das Herz des k\u00fcnstlerischen Schaffens ein: zuerst eine immersive Erkundung des Ateliers und dann eine Diskussion \u00fcber ein faszinierendes Objekt.<\/p>\r\n<p class=\"has-small-font-size\">Heute <strong>Louna<\/strong> traf <a href=\"http:\/\/www.gafsou.ch\"><strong>Matthieu Gafsou<\/strong><\/a> in seinem Atelier in Lausanne (Waadt).<\/p>\r\n<p class=\"has-small-font-size\">Sammle zeitgen\u00f6ssische Kunst mit deinen Ohren! Die Webseite <a href=\"https:\/\/artscool.ch\/de\/\"><strong>artscool.ch\/de<\/strong><\/a> pr\u00e4sentiert alle Episoden, die seit Herbst 2021 ausgestrahlt wurden. Eine vielf\u00e4ltige und wachsende Sammlung! Ausserdem findest du dort alle Portraits der jugendlichen Fans der zeitgen\u00f6ssischen Kunst, die Kurzbiographien der interviewten K\u00fcnstlerinnen und K\u00fcnstler und die Bilder der Werke.<\/p>\r\n\r\n\r\n\r\n<p class=\"has-small-font-size\">Wenn Sie zur Verbreitung des ART'S COOL-Podcasts beitragen m\u00f6chten, z\u00f6gern Sie nicht, anderen davon zu erz\u00e4hlen, ihn zu abonnieren und ihm f\u00fcnf Sterne auf Ihrer bevorzugten H\u00f6rplattform zu geben. Sie k\u00f6nnen uns auch auf Instagram folgen, unter dem Account <strong><a href=\"https:\/\/www.instagram.com\/young_pods\/\">young_pods<\/a>.<\/strong><\/p>\r\n\r\n\r\n\r\n<p>Der ART'S COOL Podcast wird dank der wertvollen Unterst\u00fctzung der Loterie Romande, der Ernst G\u00f6hner Stiftung, der Fondation Fran\u00e7oise Champoud, der Fondation Leenaards, der Fondation Oertli, der Fondation Sandoz, der Kantone Bern, Wallis, Waadt realisiert und ausgestrahlt.<\/p>\r\n<p>Dank an das Schweizerische Institut f\u00fcr Kunstwissenschaft (SIK-ISEA) f\u00fcr die biografischen Quellen zu den K\u00fcnstlern. <\/p>\r\n\r\n\r\n\r\n<p class=\"has-small-font-size\">Interview und Stimme: Florence Grivel.<br \/>Musik und Sounddesign: Christophe Gonet.<\/p>\r\n\r\n\r\n\r\n<p class=\"has-black-color has-text-color has-small-font-size\">Dies ist eine Produktion <a href=\"https:\/\/www.youngpods.ch\/\" target=\"_blank\" rel=\"noreferrer noopener\"><span style=\"text-decoration: underline;\"><strong>Young Pods<\/strong><\/span><\/a>.<\/p>","protected":false},"excerpt":{"rendered":"<p>Lausanne (Waadt) - Atelier von Matthieu Gafsou (2\/2): Louna findet im Atelier von Matthieu Gafsou eine kleine Metalldose, die f\u00fcr den K\u00fcnstler zum Ausgangspunkt einer Reihe von Reflexionen\/Enth\u00fcllungen wird, die mit dem Schaffen, dem Blick, der Identit\u00e4t, vergangenen Arbeiten und aktuellen und zuk\u00fcnftigen Projekten zu tun haben.<\/p>","protected":false},"featured_media":3226,"template":"","artist":[183],"canton":[156],"episode-":[270],"season":[133],"podcast-categories":[],"class_list":["post-3220","podcast","type-podcast","status-publish","has-post-thumbnail","hentry","artist-matthieu-gafsou","canton-vaud","episode--episode-87","season-season-3"],"acf":[],"_links":{"self":[{"href":"https:\/\/artscool.ch\/de\/wp-json\/wp\/v2\/podcast\/3220","targetHints":{"allow":["GET"]}}],"collection":[{"href":"https:\/\/artscool.ch\/de\/wp-json\/wp\/v2\/podcast"}],"about":[{"href":"https:\/\/artscool.ch\/de\/wp-json\/wp\/v2\/types\/podcast"}],"version-history":[{"count":4,"href":"https:\/\/artscool.ch\/de\/wp-json\/wp\/v2\/podcast\/3220\/revisions"}],"predecessor-version":[{"id":3282,"href":"https:\/\/artscool.ch\/de\/wp-json\/wp\/v2\/podcast\/3220\/revisions\/3282"}],"wp:featuredmedia":[{"embeddable":true,"href":"https:\/\/artscool.ch\/de\/wp-json\/wp\/v2\/media\/3226"}],"wp:attachment":[{"href":"https:\/\/artscool.ch\/de\/wp-json\/wp\/v2\/media?parent=3220"}],"wp:term":[{"taxonomy":"artist","embeddable":true,"href":"https:\/\/artscool.ch\/de\/wp-json\/wp\/v2\/artist?post=3220"},{"taxonomy":"canton","embeddable":true,"href":"https:\/\/artscool.ch\/de\/wp-json\/wp\/v2\/canton?post=3220"},{"taxonomy":"episode-","embeddable":true,"href":"https:\/\/artscool.ch\/de\/wp-json\/wp\/v2\/episode-?post=3220"},{"taxonomy":"season","embeddable":true,"href":"https:\/\/artscool.ch\/de\/wp-json\/wp\/v2\/season?post=3220"},{"taxonomy":"podcast-categories","embeddable":true,"href":"https:\/\/artscool.ch\/de\/wp-json\/wp\/v2\/podcast-categories?post=3220"}],"curies":[{"name":"wp","href":"https:\/\/api.w.org\/{rel}","templated":true}]}}