{"id":3211,"date":"2024-10-31T16:38:34","date_gmt":"2024-10-31T15:38:34","guid":{"rendered":"https:\/\/artscool.ch\/?post_type=podcast&#038;p=3211"},"modified":"2025-03-04T10:35:04","modified_gmt":"2025-03-04T09:35:04","slug":"lou-matthieu-gafsou","status":"publish","type":"podcast","link":"https:\/\/artscool.ch\/de\/podcast\/lou-matthieu-gafsou\/","title":{"rendered":"Lou &amp; Matthieu Gafsou"},"content":{"rendered":"<h2><strong>Hallo, mein Name ist Lou, ich bin neunzehn Jahre alt und wohne in Lausanne.<\/strong><\/h2>\r\n<h2><strong>Kunst ist f\u00fcr mich die Entdeckung einer anderen Realit\u00e4t.<\/strong><\/h2>\r\n<h2><strong>Heute bin ich mit dem Fotografen Matthieu Gafsou in seinem Atelier in Lausanne verabredet. Sie kommen<\/strong><strong>?<\/strong><\/h2>\r\n<p>&nbsp;<\/p>\r\n<p>LOU: Ich bin gerade in der N\u00e4he seines Ateliers angekommen. Wir haben einen sehr sch\u00f6nen Blick auf die Tennispl\u00e4tze, die schon ziemlich alt aussehen. Wir kommen in sein Atelier, aber wir k\u00f6nnen noch nicht genau sehen, was dort passiert... Lass uns nachsehen! Die T\u00fcr ist offen... ich glaube, ich kann reinkommen.<\/p>\r\n<p>Es ist ein gro\u00dfer Raum mit wahrscheinlich mehreren K\u00fcnstlern und vielen Pflanzen; es scheint hier ein bisschen wie eine typische Deko zu sein. Es gibt sogar eine Tischtennisplatte, das ist immer cool!<\/p>\r\n<p>Ich muss den K\u00fcnstler finden, vielleicht hier links in einem kleinen Raum...<\/p>\r\n<p>MATTHIEU GAFSOU: Guten Tag! Herzlich willkommen!<\/p>\r\n<p>LOU: Hallo. Sehr erfreut, Sie kennen zu lernen. Das ist also Ihr Arbeitsbereich?<\/p>\r\n<p>MATTHIEU GAFSOU: Das hier ist das Fotostudio. Das Studio teile ich mit anderen Fotografen und K\u00fcnstlern.<\/p>\r\n<p>Ich schreibe Ausz\u00fcge aus der Waadtl\u00e4nder Hymne mit S\u00e4gemehl, Sp\u00e4nen und farbigen Hintergr\u00fcnden, die an die Farben des Kantons erinnern, um und versuche, S\u00e4tze zu w\u00e4hlen, die ein wenig zweideutig sind. Ich lasse die Bedeutung offen und kombiniere sie mit Fotografien, die nat\u00fcrlich auch ein wenig mehrdeutig sind.<\/p>\r\n<p>LOU: Wow, das ist sehr originell! und in diesen Fragen l\u00e4sst du die Bedeutung offen, aber machen diese S\u00e4tze f\u00fcr dich Sinn oder bleibt die Bedeutung sogar f\u00fcr dich offen?<\/p>\r\n<p>MATTHIEU GAFSOU: Wenn man einen Vers aus einem Gedicht herausnimmt, wenn man das, was drum herum ist, herausnimmt, ist der Sinn immer noch sehr offen. F\u00fcr mich ist das in der Kunst (jetzt kommen wir zum Kern des Themas) sehr wichtig. Das hei\u00dft, ich mag es, wenn das Foto offen ist. Wenn man zu direktiv ist, langweilt mich das ein bisschen. Ich mag es, wenn die Leute sich das, was sie sehen, zu eigen machen k\u00f6nnen.<\/p>\r\n<p>LOU: Da f\u00e4llt mir ein, dass ich ein paar Informationen \u00fcber dich eingeholt habe. Also \"Matthieu Gafsou wurde 1981 in Aubonne geboren. Er lebt und arbeitet in Lausanne. Die Fotografien von Matthieu Gafsou sind sorgf\u00e4ltig komponiert und fein detailliert. Sie sind gerne frontal, technisch einwandfrei und haben einen seriellen Charakter. Ist das eine ziemlich genaue Beschreibung deiner Arbeit?<\/p>\r\n<p>MATTHIEU GAFSOU: Ja, das ist nicht schlecht. Ich m\u00f6chte noch hinzuf\u00fcgen, dass ich mich oft f\u00fcr Dinge interessiere, die mit unseren \u00c4ngsten und starken gesellschaftlichen Themen verbunden sind, sei es Religion oder Drogen. Ich habe an der Bewegung gearbeitet, die sich Transhumanismus nennt und den Menschen mithilfe von Wissenschaft und Technologie vergr\u00f6\u00dfern will. In den letzten f\u00fcnf Jahren habe ich viel \u00fcber \u00d6kologie gearbeitet. Es gibt also Themen, die mir am Herzen liegen und es stimmt, dass ich danach einen etwas formellen Ansatz habe. Es gibt Leute, die instinktiver sind, aber ich muss viel durch den Kopf gehen, um meine Projekte zu machen, denn ich bin eigentlich ein Tackler. Ich muss viel lesen, mich dokumentieren und in meinen Projekten einen Sinn schaffen.<\/p>\r\n<p>LOU: Kannst du uns etwas mehr \u00fcber den Raum und seine Geschichte erz\u00e4hlen?<\/p>\r\n<p>MATTHIEU GAFSOU: Mit gro\u00dfem Vergn\u00fcgen. Wir befinden uns an einem f\u00fcr ein K\u00fcnstleratelier eher untypischen Ort. Wir hatten unglaubliches Gl\u00fcck, diese R\u00e4umlichkeiten eher zuf\u00e4llig zu finden. Es war ein M\u00e4dcheninternat, dann ein angesagtes Restaurant, das in den 1970er Jahren mit dem angrenzenden Tennisclub verbunden war. Dann gibt es dort eine Eventfirma und als diese Firma anfing, hat sich die Eigent\u00fcmergemeinschaft f\u00fcr uns entschieden, weil sie wussten, dass mit K\u00fcnstlern die R\u00e4umlichkeiten nicht renoviert werden m\u00fcssen, aber vor allem, dass es keinen st\u00e4ndigen Durchgangsverkehr geben w\u00fcrde. Wir befinden uns hier in einem Raum, der fr\u00fcher wahrscheinlich ein Keller oder etwas \u00c4hnliches war, und der sich perfekt f\u00fcr ein Fotostudio eignet. Es gibt keine Fenster, es ist nicht sehr sch\u00f6n, aber es muss nicht sch\u00f6n sein. Es muss funktional sein.<\/p>\r\n<p>Es ist \u00fcberall ein Chaos. Und ich liebe es, denn dann habe ich meine Sp\u00e4ne \u00fcberall auf dem Boden. Wir stellen uns barfu\u00df hin, weil man so, wenn man \u00fcber den Boden l\u00e4uft, keine Schuhabdr\u00fccke bekommt. Das ist sehr angenehm und eine sch\u00f6ne Abwechslung zu den B\u00fcror\u00e4umen, die direkt hinter uns liegen.<\/p>\r\n<p>Das hier ist ein gro\u00dfer Gro\u00dfraum. Wir haben es gerade ein bisschen umgebaut, das Layout ge\u00e4ndert, um kleine Inseln zu haben, die ein bisschen pers\u00f6nlicher sind. Und ich habe mich dort in eine Ecke gesetzt, ganz allein. Ich liebe es.<\/p>\r\n<p>LOU: Das ist nicht dein erster Workshop?<\/p>\r\n<p>MATTHIEU GAFSOU: Nein, nein, das ist der dritte oder vierte Workshop. Und das Lustige daran ist, dass wir seit dem ersten Workshop ein Team sind. Und obwohl sich dieses Team sehr ver\u00e4ndert hat, ist es immer noch ein bisschen gleich geblieben, n\u00e4mlich assoziativ. Es gibt keinen Gewinn, es ist nicht wie z. B. bei Co-Working Spaces. Die Entscheidungen werden horizontal getroffen, was toll ist, aber manchmal auch zu Komplikationen f\u00fchrt. Aber wir entscheiden gemeinsam, wie der Ort funktionieren soll.<\/p>\r\n<p>LOU: Zeig mir deinen Schreibtisch, der so interessant f\u00fcr dich aussieht.<\/p>\r\n<p>MATTHIEU GAFSOU: Ich bin in einer Ecke, ich mag es, in Ecken zu sein, das macht ein kleines Nest. Mein Schreibtisch ist sehr nah an der Wand, ein bisschen zu nah an der Wand f\u00fcr das, was wir machen wollen, aber ich mag es, weil es beruhigend ist, und dann ist da mein ganzes Chaos und das ist es. Normalerweise sollte es ein Werk geben. Es gibt nur ein Werk, das ich f\u00fcr eine Ausstellung getestet habe; ich habe auf Alufolie gedruckt und schlie\u00dflich Vorh\u00e4nge aus diesem Werk gemacht. Aber ich muss noch mehr aufh\u00e4ngen, ich muss mir diesen kleinen Raum noch mehr aneignen, er ist noch im Umbruch. Das Atelier eines Fotografen ist nicht wie das eines Malers; es gibt weniger Material. Trotzdem gibt es den Computer, der nat\u00fcrlich im Zentrum steht, den Scanner, die Kameras, die Objektive: Das ist nicht sehr glamour\u00f6s, aber so arbeiten wir.<\/p>\r\n<p>LOU: Du sprichst von Malerei, aber warum dann Fotografie?<\/p>\r\n<p>MATTHIEU GAFSOU: Es ist ein Medium, das mir sehr entgegenkommt, denn ich habe zuerst Literatur studiert, bevor ich Fotograf wurde, und ich habe vorhin gesagt, dass ich bei meinen Arbeiten gerne durch den Kopf gehe. Und es stimmt, dass ich nicht gerade jemand bin, der sehr geschickt mit seinen H\u00e4nden umgeht. Ich versuche, mich mit den Jahren zu verbessern und im Moment mache ich ein bisschen Bastelarbeit im Studio, aber das ist immer noch sehr notd\u00fcrftig. Die Kamera ist super, wenn man ungeschickt ist, weil man damit eine Sprache hat, eine super interessante Sprache. Ich bin auch ein bisschen ein Geek, also alles, was mit Postproduktion zu tun hat, liebe ich. Es ist also das Medium, das zu mir passt. Was mir gef\u00e4llt, ist, dass es ein zug\u00e4nglicheres Medium ist als andere Medien, d. h. es kann ein breiteres Publikum ansprechen. Es ist vielleicht leichter zu verstehen als die Malerei und das ist mir wichtig, diese F\u00e4higkeit, ein relativ breites Publikum anzusprechen.<\/p>\r\n<p>LOU: Was ist deine Definition von Kunst?<\/p>\r\n<p>MATTHIEU GAFSOU: Ich denke, es gibt keine Definition von Kunst; ich denke, es gibt unendlich viele Definitionen von Kunst. F\u00fcr mich ist Kunst ein Mittel, um eine Botschaft emotional zu vermitteln, aber diese Botschaft muss nicht unbedingt verst\u00e4ndlich sein. Es ist eine Botschaft, die emotional und sensibel sein kann. Manche K\u00fcnstler sind sehr diskursiv, sie sind in gewisser Weise geschw\u00e4tzig, wortreich, und sie sind in der reinen Form (das konnte mir auch schon passieren). Mit der Fotografie ist man ein bisschen dazwischen. Wir haben eine sehr starke Verbindung zur Realit\u00e4t, was dazu f\u00fchrt, dass wir manchmal dem Fotojournalismus, dem Journalismus, der \u00dcbermittlung einer Botschaft zugeordnet werden konnten. Und es gibt reine Formalisten, die sich der Malerei ann\u00e4hern.<\/p>\r\n<p>Das ist es, aber ich habe keine Definition, ich glaube nicht, dass es eine Definition von Kunst gibt. Es ist eine sensible Ann\u00e4herung an die Dinge. Es ist gleichzeitig v\u00f6llig unn\u00f6tig und v\u00f6llig wesentlich. Das ist es, was menschliche Gesellschaften sch\u00f6n macht: die F\u00e4higkeit, Dinge zu produzieren, die nicht funktional sind, nicht n\u00fctzlich, nicht n\u00fctzlich, sagen wir aus der Sicht des Marktes.<\/p>\r\n<p>LOU: Und es w\u00fcrde mich interessieren, was die ersten Bilder waren, die du als Fotograf gemacht hast, oder vielleicht sogar, als es noch nicht dein Beruf war.<\/p>\r\n<p>MATTHIEU GAFSOU: Die allerersten Fotos, bevor es mein Beruf wurde, sind ziemlich kandidatisch. Ich war, wie viele junge Fotografen, ziemlich romantisch und interessierte mich f\u00fcr die Brachfl\u00e4chen in Lausanne. Und ich habe ein Projekt mit einem ziemlich lahmen Titel gemacht, es hie\u00df \"Coulisses d'une ville\" (Kulissen einer Stadt). Und die Bilder waren nicht alle v\u00f6llig lahm, aber einige waren trotzdem v\u00f6llig lahm. Ich habe das in einer kleinen Galerie in Chexbres ausgestellt und danach habe ich mir gesagt: \"Ich habe Lust, Fotograf zu werden\" und bin zur Fotoschule in Vevey gegangen. Mein erstes richtiges Projekt hie\u00df \"Surfaces\", ein Projekt, das ich in Tunesien gemacht habe, dem Herkunftsland meines Vaters.<\/p>\r\n<p>Es ist ziemlich typisch, dass mit 27 Jahren - ich habe zun\u00e4chst andere Studien gemacht, also bin ich etwas sp\u00e4t Fotograf geworden - die Frage nach der Herkunft immer noch pr\u00e4sent ist. Ich wollte etwas entdecken und das als Vorwand nutzen, und nat\u00fcrlich habe ich das Land, das ich kennengelernt habe, nicht wirklich kennengelernt. Das Projekt hei\u00dft also \"Surfaces\", weil ich mit sehr wei\u00dfen, sehr formalen, sehr zarten, aber gleichzeitig sehr architektonischen und landschaftlichen Bildern an der Oberfl\u00e4che der Dinge bleibe. Das hei\u00dft, ich bin auf Distanz zu den Dingen. Und das funktionierte ziemlich gut, weil es zu der Zeit, als ich dort war, eine Diktatur war; es war vor dem Arabischen Fr\u00fchling. Diese Art von Glanz der Architektur, die von einer Form der Macht zeugt, funktionierte als Diskurs ziemlich gut.<\/p>\r\n<p>LOU: Kannst du von deiner Arbeit leben?<\/p>\r\n<p>MATTHIEU GAFSOU: Ich w\u00fcrde sagen, ja und nein. Ich habe das Gl\u00fcck, einen Beruf auszu\u00fcben, in dem es auch Auftr\u00e4ge gibt. Also ja, ich lebe von der Fotografie, aber ich lebe nicht von meiner Kunst. Die Kunst macht einen gro\u00dfen Teil meines Einkommens aus, mehr als die H\u00e4lfte, aber es ist fast unm\u00f6glich, zumindest f\u00fcr mich, nur von meiner Kunst zu leben. Das ist vielleicht der negative Aspekt der Fotografie, sie ist trotzdem ein Vielfaches und daher f\u00fcr Sammler komplizierter. Die Galerie, mit der ich zusammenarbeite, Galerie C in Neuch\u00e2tel, die auch in Paris ist, best\u00e4tigt dies, es ist schwieriger, ein Foto zu verkaufen als ein Einzelst\u00fcck, das ist sicher.<\/p>\r\n<p>Und dann gibt es noch Produktionskosten usw., die es letztendlich doch schwieriger machen, als Fotograf mit dem Verkauf von Kunstwerken gut zu verdienen. Andererseits hat man das Gl\u00fcck, Auftr\u00e4ge zu bekommen. Und heute bekomme ich immer mehr Auftr\u00e4ge, die mir gefallen und die ein bisschen mit Kunst zu tun haben. Zum Beispiel die Ausstellung, die wir gerade an der Universit\u00e4t er\u00f6ffnet haben, wo wir eine sehr freie und kreative Arbeit machen, die aber eine Auftragsarbeit ist, und das ist wirklich etwas, was mir sehr gef\u00e4llt. Es ist auch psychologisch angenehm, denn wenn man eine k\u00fcnstlerische Arbeit macht, die je nach Projekt drei, vier oder f\u00fcnf Jahre dauert, ist man ganz allein darin und dreht sich manchmal im Kreis. Es gibt auch die Frage des Scheiterns, und manchmal glaubt man nicht mehr daran, oder man glaubt nicht wirklich daran. Auftr\u00e4ge haben den Vorteil, dass sie relativ schnell realisiert werden, dass es weniger um pers\u00f6nliche Belange geht, so dass man etwas in einer bestimmten Zeit fertigstellen kann.<\/p>\r\n<p>Ich unterrichte auch an der Schule, aber dann auf hom\u00f6opathische Weise, denn mein Unterricht besteht aus ein oder zwei Tagen pro Monat und einem Workshop pro Jahr. Aber es macht mir Spa\u00df und ich habe das Gef\u00fchl, dass ich dadurch nicht so schnell alt werde, auch wenn ich mittlerweile zu den alten S\u00e4cken geh\u00f6re.<\/p>\r\n<p>LOU: Vielen Dank, es war wirklich sehr bereichernd und sehr lustig. Bis bald!<\/p>\r\n<p>MATTHIEU GAFSOU: Vielen Dank, es hat mir sehr viel Spa\u00df gemacht. Bis bald!<\/p>\r\n<p>&nbsp;<\/p>\r\n\r\n<p>\u00b0\u00b0<\/p>\r\n\r\n\r\n\r\n<p class=\"has-small-font-size\">ART'S COOL oder \"Art is cool\"!<\/p>\r\n\r\n\r\n\r\n<p class=\"has-small-font-size\">Dies ist eine Begegnung mit einem zeitgen\u00f6ssischen Kunstwerk in der Schweiz, betrachtet, erkundet, und hinterfragt von jungen Menschen. Auf die Fragen der Jugendlichen geben wiederum die K\u00fcnstlerin oder der K\u00fcnstler auf ihre Weise eine Antwort. Ganz einfach, nicht?<\/p>\r\n\r\n\r\n\r\n<p class=\"has-small-font-size\">In dieser dritten Staffel l\u00e4dt unser Podcast junge Leute dazu ein, mit K\u00fcnstlern in ihren Ateliers irgendwo in der Schweiz zu sprechen. In jeder Episode tauchen Sie in zwei sich erg\u00e4nzenden Sequenzen in das Herz des k\u00fcnstlerischen Schaffens ein: zuerst eine immersive Erkundung des Ateliers und dann eine Diskussion \u00fcber ein faszinierendes Objekt.<\/p>\r\n<p class=\"has-small-font-size\">Heute <strong>Lou<\/strong> traf <a href=\"http:\/\/www.gafsou.ch\"><strong>Matthieu Gafsou<\/strong><\/a> in seinem Atelier in Lausanne (Waadt).<\/p>\r\n<p class=\"has-small-font-size\">Sammle zeitgen\u00f6ssische Kunst mit deinen Ohren! Die Webseite <a href=\"https:\/\/artscool.ch\/de\/\"><strong>artscool.ch\/de<\/strong><\/a> pr\u00e4sentiert alle Episoden, die seit Herbst 2021 ausgestrahlt wurden. Eine vielf\u00e4ltige und wachsende Sammlung! Ausserdem findest du dort alle Portraits der jugendlichen Fans der zeitgen\u00f6ssischen Kunst, die Kurzbiographien der interviewten K\u00fcnstlerinnen und K\u00fcnstler und die Bilder der Werke.<\/p>\r\n\r\n\r\n\r\n<p class=\"has-small-font-size\">Wenn Sie zur Verbreitung des ART'S COOL-Podcasts beitragen m\u00f6chten, z\u00f6gern Sie nicht, anderen davon zu erz\u00e4hlen, ihn zu abonnieren und ihm f\u00fcnf Sterne auf Ihrer bevorzugten H\u00f6rplattform zu geben. Sie k\u00f6nnen uns auch auf Instagram folgen, unter dem Account <strong><a href=\"https:\/\/www.instagram.com\/young_pods\/\">young_pods<\/a>.<\/strong><\/p>\r\n\r\n\r\n\r\n<p>Der ART'S COOL Podcast wird dank der wertvollen Unterst\u00fctzung der Loterie Romande, der Ernst G\u00f6hner Stiftung, der Fondation Fran\u00e7oise Champoud, der Fondation Leenaards, der Fondation Oertli, der Fondation Sandoz, der Kantone Bern, Wallis, Waadt realisiert und ausgestrahlt.<\/p>\r\n<p>Dank an das Schweizerische Institut f\u00fcr Kunstwissenschaft (SIK-ISEA) f\u00fcr die biografischen Quellen zu den K\u00fcnstlern. <\/p>\r\n\r\n\r\n\r\n<p class=\"has-small-font-size\">Interview und Stimme: Florence Grivel.<br \/>Musik und Sounddesign: Christophe Gonet.<\/p>\r\n\r\n\r\n\r\n<p class=\"has-black-color has-text-color has-small-font-size\">Dies ist eine Produktion <a href=\"https:\/\/www.youngpods.ch\/\" target=\"_blank\" rel=\"noreferrer noopener\"><span style=\"text-decoration: underline;\"><strong>Young Pods<\/strong><\/span><\/a>.<\/p>","protected":false},"excerpt":{"rendered":"<p>Lausanne (Waadt) - Atelier von Matthieu Gafsou (1\/2): Lou erkundet das gro\u00dfe Atelier, das Matthieu Gafsou mit anderen K\u00fcnstlern teilt. Er ist sehr an der Bedeutung interessiert, die der Fotograf durch seine Arbeit sucht, schafft und vermittelt.<\/p>","protected":false},"featured_media":3217,"template":"","artist":[183],"canton":[156],"episode-":[269],"season":[133],"podcast-categories":[],"class_list":["post-3211","podcast","type-podcast","status-publish","has-post-thumbnail","hentry","artist-matthieu-gafsou","canton-vaud","episode--episode-86","season-season-3"],"acf":[],"_links":{"self":[{"href":"https:\/\/artscool.ch\/de\/wp-json\/wp\/v2\/podcast\/3211","targetHints":{"allow":["GET"]}}],"collection":[{"href":"https:\/\/artscool.ch\/de\/wp-json\/wp\/v2\/podcast"}],"about":[{"href":"https:\/\/artscool.ch\/de\/wp-json\/wp\/v2\/types\/podcast"}],"version-history":[{"count":7,"href":"https:\/\/artscool.ch\/de\/wp-json\/wp\/v2\/podcast\/3211\/revisions"}],"predecessor-version":[{"id":3283,"href":"https:\/\/artscool.ch\/de\/wp-json\/wp\/v2\/podcast\/3211\/revisions\/3283"}],"wp:featuredmedia":[{"embeddable":true,"href":"https:\/\/artscool.ch\/de\/wp-json\/wp\/v2\/media\/3217"}],"wp:attachment":[{"href":"https:\/\/artscool.ch\/de\/wp-json\/wp\/v2\/media?parent=3211"}],"wp:term":[{"taxonomy":"artist","embeddable":true,"href":"https:\/\/artscool.ch\/de\/wp-json\/wp\/v2\/artist?post=3211"},{"taxonomy":"canton","embeddable":true,"href":"https:\/\/artscool.ch\/de\/wp-json\/wp\/v2\/canton?post=3211"},{"taxonomy":"episode-","embeddable":true,"href":"https:\/\/artscool.ch\/de\/wp-json\/wp\/v2\/episode-?post=3211"},{"taxonomy":"season","embeddable":true,"href":"https:\/\/artscool.ch\/de\/wp-json\/wp\/v2\/season?post=3211"},{"taxonomy":"podcast-categories","embeddable":true,"href":"https:\/\/artscool.ch\/de\/wp-json\/wp\/v2\/podcast-categories?post=3211"}],"curies":[{"name":"wp","href":"https:\/\/api.w.org\/{rel}","templated":true}]}}