{"id":2833,"date":"2024-03-10T19:48:18","date_gmt":"2024-03-10T18:48:18","guid":{"rendered":"https:\/\/artscool.ch\/?post_type=podcast&#038;p=2833"},"modified":"2024-10-04T12:25:04","modified_gmt":"2024-10-04T10:25:04","slug":"lya-eva-oertli","status":"publish","type":"podcast","link":"https:\/\/artscool.ch\/de\/podcast\/lya-eva-oertli\/","title":{"rendered":"Lya &amp; Eva Oertli"},"content":{"rendered":"<h3 style=\"padding-left: 40px;\"><strong>Hoi zusammen, ich bin Lya, ich komme von Mollis und ich bin sechzehn Jahre alt.<\/strong><\/h3>\r\n<p>&nbsp;<\/p>\r\n<h3 style=\"padding-left: 40px;\"><strong>Kunst bedeutet f\u00fcr mich ganz viele verschiedene Dinge, weil ich ganz viele verschiedene Formen von Kunst sch\u00f6n und interessant finde.<\/strong><\/h3>\r\n<p>&nbsp;<\/p>\r\n<h3 style=\"padding-left: 40px;\"><strong>Heute habe ich eine Begegnung mit einem Kunstwerk von Eva Oertli in Glarus. Kommst du auch mit?<\/strong><\/h3>\r\n<p>&nbsp;<\/p>\r\n<p><strong>LYA:<\/strong> Wir sind gerade auf dem Zaunplatz in Glarus, gerade neben dem Zaunplatzbrunnen. Und zwar bei wundersch\u00f6nen Sommerwetter. Jetzt gehen wir uns das Kunstwerk anschauen.<\/p>\r\n<p>Wir sind im Garten des kantonalen Steueramtes. Und zwar sind wir gerade beim Kunstwerk angekommen. Es ist ein grosses, rotes Blechkonstrukt und es erinnert mich an eine Drei. Oben ist es etwas langgezogen. Es sieht aus wie eine Zahl. Eine Drei und eine Sieben, gemischt. Und es ist etwa drei Meter hoch.<\/p>\r\n<p>Das Kunstwerk heisst \u201c3\u201d und es ist von Eva Oertli. Das Werk befindet sich am Landsgemeindeplatz, oder sogenannten Zaunplatz, und es ist 2011 realisiert worden. Das Werk ist aus Aluminium gefertigt und es ist circa 4.5 Meter hoch.<\/p>\r\n<p>Ich habe nun noch ein paar Fragen an Eva Oertli.<\/p>\r\n<p><strong>EVA OERTLI:<\/strong> Liebe Lya, dein Interesse an meiner Skulptur \u201c3\u201d freut mich. Ich hoffe, ich kann dir alle deine Fragen beantworten so gut wie m\u00f6glich beantworten.<\/p>\r\n<p><strong>LYA:<\/strong> Was hat sich die K\u00fcnstlerin gedacht, als sie das Kunstwerk gemacht hat?<\/p>\r\n<p><strong>EVA OERTLI:<\/strong> Diese Skulptur existiert dank einem spektakul\u00e4ren Landsgemeindeentscheid im Jahre 2006. Wir waren bis dahin in diesem kleinen Kanton 25 Gemeinden und der Regierungsrat hatte den Vorschlag gemacht, m\u00f6chten wir nicht etwas verschlanken und 25 Gemeinden auf zehn Gemeinden reduzieren. Ein Antragssteller an dieser Landsgemeinde hat dann den Vorschlag gemacht, warum nur auf zehn reduzieren, wir k\u00f6nnen ja auch auf drei Gemeinden reduzieren. Und nach einem aufw\u00e4ndigen, sehr komplizierten Abstimmungsverfahren ist der Vorschlag der Reduktion auf drei Gemeinden von der Landsgemeinde sehr knapp angenommen worden. Kurz nach der Abstimmung wurden dann Stimmen laut, dass das Vorgehen aus demokratischer Sicht und politischer Sicht sehr fragw\u00fcrdig war. Sie sind dann aber mit ihrer Einsprache vor dem Bundesgericht abgelehnt worden. Aber danach hat dieses Komitee mit gen\u00fcgend Unterschriften eine aussergew\u00f6hnliche Landsgemeinde einfordern k\u00f6nnen. Und dies ist eigentlich etwas sehr Seltenes bei uns. Und wir mussten dann im gleichen Jahr im November nochmals auf den Ring steigen. Und dann wurde nochmals dar\u00fcber abgestimmt. Und der Entscheid wurde dann vom Stimmvolk sehr klar best\u00e4tigt, wir wollen diese Umsetzung: von 25 auf drei Gemeinden. Und diese Umsetzung ist dann auf den 1. Januar 2011 in Kraft getreten. Der Regierungsrat hat dann einen Wettbewerb auf Einladung veranstaltet, mit dem Wunsch f\u00fcr den Entscheid ein w\u00fcrdiges Denkmal zu setzen. Diesen Wettbewerb habe ich mit meiner Eingabe \u201c3\u201d gewonnen.<\/p>\r\n<p><strong>LYA:<\/strong> Wie sind sie auf diese Form des Kunstwerks gekommen?<\/p>\r\n<p><strong>EVA OERTLI:<\/strong> F\u00fcr mich war sehr schnell klar, dass ich f\u00fcr diesen Beschluss eine Drei gestalten m\u00f6chte. Klar in der Aussage, mit einer starken Signalwirkung f\u00fcr einen mutigen, vielleicht sogar etwas wagemutigen Entscheid. Aber diesem gab es nach diesen zwei denkw\u00fcrdigen Abstimmungen nichts mehr zu r\u00fctteln. Ich habe allerdings bei meiner drei den Dachbalken, der normalerweise horizontal liegt, schr\u00e4g nach oben aufgestellt. Das soll f\u00fcr mich Kraft und Dynamik symbolisieren.<\/p>\r\n<p><strong>LYA:<\/strong> Mich nimmt es noch Wunder, warum dieses grosse Kunstwerk rot ist und nicht eine andere Farbe, wie zum Beispiel Blau.<\/p>\r\n<p><strong>EVA OERTLI:<\/strong> Diese Aussage habe ich nat\u00fcrlich mit der Farbe Rot nochmals verst\u00e4rkt. Auch die Signalwirkung dieser klaren Aussage. Und die Farbe Rot steht f\u00fcr Mut, Kraft, und Leidenschaft. Und dies waren alles Voraussetzungen f\u00fcr eine gute Umsetzung f\u00fcr diese Gemeindereform.<\/p>\r\n<p><strong>LYA:<\/strong> Wieso befindet sich das Kunstwerk im Hintergarten des Steueramtes?<\/p>\r\n<p><strong>EVA OERTLI:<\/strong> Diese Drei hat ihren Platz gefunden im \u00f6ffentlichen Garten der kantonalen Steuerverwaltung. Der Garten schliesst direkt an den Landsgemeindeplatz an. Er ist vom Landsgemeindeplatz her einsehbar. Und f\u00fcr mich war die N\u00e4he zu diesem Platz immer sehr wichtig, weil dort diese Geschichte geschrieben wurde.<\/p>\r\n<p>Liebe Lya, ich w\u00fcnsche dir alles Gute f\u00fcr deine Zukunft. Geh weiterhin so neugierig und mit offenen Augen durchs Leben. Ich danke dir, alles Gute. Ciao Lya, ciao!<\/p>\r\n<p>&nbsp;<\/p>\r\n\r\n<p>\u00b0\u00b0<\/p>\r\n\r\n\r\n\r\n<p class=\"has-small-font-size\">ART'S COOL oder \"Art is cool\"!<\/p>\r\n\r\n\r\n\r\n<p class=\"has-small-font-size\">Dies ist eine Begegnung mit einem zeitgen\u00f6ssischen Kunstwerk in der Schweiz, betrachtet, erkundet, und hinterfragt von jungen Menschen. Auf die Fragen der Jugendlichen geben wiederum die K\u00fcnstlerin oder der K\u00fcnstler auf ihre Weise eine Antwort. Ganz einfach, nicht?<\/p>\r\n\r\n\r\n\r\n<p class=\"has-small-font-size\">In dieser zweiten Saison l\u00e4dt unser Podcast dich ein, Werke ausserhalb der \u00fcblichen Ausstellungsorte zu besuchen, meistens im Freien! Fast jede Woche entdecken wir gemeinsam eine k\u00fcnstlerische Sch\u00f6pfung, die irgendwo in der Schweiz im \u00f6ffentlichen Raum zu finden ist.<\/p>\r\n<p class=\"has-small-font-size\">Heute ging es um <em>Drei<\/em> von<a href=\"https:\/\/www.evaoertli.ch\"><strong>Eva Oertli<\/strong><\/a>, untersucht vom neugierigen Blick von <strong>Lya<\/strong>. Verpasse nicht, das Kunstwerk in Wirklichkeit selber zu entdecken, und zwar vor dem Steuerverwaltungsgeb\u00e4ude am Zaunplatz in Glarus.<\/p>\r\n\r\n\r\n\r\n\r\n\r\n<p class=\"has-small-font-size\">Sammle zeitgen\u00f6ssische Kunst mit deinen Ohren! Die Webseite <a href=\"https:\/\/artscool.ch\/de\/\"><strong>artscool.ch\/de<\/strong><\/a> pr\u00e4sentiert alle Episoden, die seit Herbst 2021 ausgestrahlt wurden. Eine vielf\u00e4ltige und wachsende Sammlung! Ausserdem findest du dort alle Portraits der jugendlichen Fans der zeitgen\u00f6ssischen Kunst, die Kurzbiographien der interviewten K\u00fcnstlerinnen und K\u00fcnstler und die Bilder der Werke.<\/p>\r\n\r\n\r\n\r\n<p class=\"has-small-font-size\">Wenn Sie zur Verbreitung des ART'S COOL-Podcasts beitragen m\u00f6chten, z\u00f6gern Sie nicht, anderen davon zu erz\u00e4hlen, ihn zu abonnieren und ihm f\u00fcnf Sterne auf Ihrer bevorzugten H\u00f6rplattform zu geben. Sie k\u00f6nnen uns auch auf Instagram folgen, unter dem Account <strong><a href=\"https:\/\/www.instagram.com\/young_pods\/\">young_pods<\/a>.<\/strong><\/p>\r\n\r\n\r\n\r\n<p class=\"has-small-font-size\">Der Podcast ART\u2019S COOL wird realisiert und ausgestrahlt mit der grossz\u00fcgigen Unterst\u00fctzung der Loterie Romande, dem Migros-Kulturprozent, der Oertli-Stiftung, der Sandoz-Familienstiftung, den Kantonen Aargau, Basel-Stadt, Bern, Genf, Glarus, Graub\u00fcnden, Obwalden, Sankt Gallen, Solothurn, Thurgau, Waadt, Wallis, Zug, Z\u00fcrich, und den St\u00e4dten Winterthur, Yverdon-les-bains, Zug und Z\u00fcrich.<\/p>\r\n\r\n\r\n\r\n<p class=\"has-small-font-size\">Mit der Stimme von Florence Grivel in der franz\u00f6sischen Version und Stephan Kyburz in der deutschen Version.<br \/>Musik and Sounddesign von Christophe Gonet.<\/p>\r\n\r\n\r\n\r\n<p class=\"has-black-color has-text-color has-small-font-size\">Dies ist eine Produktion <a href=\"https:\/\/www.youngpods.ch\/\" target=\"_blank\" rel=\"noreferrer noopener\"><span style=\"text-decoration: underline;\"><strong>Young Pods<\/strong><\/span><\/a>.<\/p>\r\n\r\n\r\n\r\n<p>&nbsp;<\/p>","protected":false},"excerpt":{"rendered":"<p>Landsgemeindeplatz, Glarus: Lya entdeckt \"Drei\" von Eva Oertli. Sie fragt sich, wie Eva Oertli zu dieser Form des Kunstwerks gekommen ist.<\/p>","protected":false},"featured_media":2837,"template":"","artist":[214],"canton":[142],"episode-":[128],"season":[82],"podcast-categories":[],"class_list":["post-2833","podcast","type-podcast","status-publish","has-post-thumbnail","hentry","artist-eva-oertli","canton-glarus","episode--episode-78","season-season-2"],"acf":[],"_links":{"self":[{"href":"https:\/\/artscool.ch\/de\/wp-json\/wp\/v2\/podcast\/2833","targetHints":{"allow":["GET"]}}],"collection":[{"href":"https:\/\/artscool.ch\/de\/wp-json\/wp\/v2\/podcast"}],"about":[{"href":"https:\/\/artscool.ch\/de\/wp-json\/wp\/v2\/types\/podcast"}],"version-history":[{"count":4,"href":"https:\/\/artscool.ch\/de\/wp-json\/wp\/v2\/podcast\/2833\/revisions"}],"predecessor-version":[{"id":2839,"href":"https:\/\/artscool.ch\/de\/wp-json\/wp\/v2\/podcast\/2833\/revisions\/2839"}],"wp:featuredmedia":[{"embeddable":true,"href":"https:\/\/artscool.ch\/de\/wp-json\/wp\/v2\/media\/2837"}],"wp:attachment":[{"href":"https:\/\/artscool.ch\/de\/wp-json\/wp\/v2\/media?parent=2833"}],"wp:term":[{"taxonomy":"artist","embeddable":true,"href":"https:\/\/artscool.ch\/de\/wp-json\/wp\/v2\/artist?post=2833"},{"taxonomy":"canton","embeddable":true,"href":"https:\/\/artscool.ch\/de\/wp-json\/wp\/v2\/canton?post=2833"},{"taxonomy":"episode-","embeddable":true,"href":"https:\/\/artscool.ch\/de\/wp-json\/wp\/v2\/episode-?post=2833"},{"taxonomy":"season","embeddable":true,"href":"https:\/\/artscool.ch\/de\/wp-json\/wp\/v2\/season?post=2833"},{"taxonomy":"podcast-categories","embeddable":true,"href":"https:\/\/artscool.ch\/de\/wp-json\/wp\/v2\/podcast-categories?post=2833"}],"curies":[{"name":"wp","href":"https:\/\/api.w.org\/{rel}","templated":true}]}}