{"id":2518,"date":"2023-08-22T18:58:25","date_gmt":"2023-08-22T16:58:25","guid":{"rendered":"https:\/\/artscool.ch\/?post_type=podcast&#038;p=2518"},"modified":"2024-10-04T12:43:33","modified_gmt":"2024-10-04T10:43:33","slug":"isaline-olivier-mosset","status":"publish","type":"podcast","link":"https:\/\/artscool.ch\/de\/podcast\/isaline-olivier-mosset\/","title":{"rendered":"Isaline &amp; Olivier Mosset"},"content":{"rendered":"<p class=\"has-small-font-size\">\u00a0<\/p>\r\n\r\n<h3 style=\"padding-left: 40px;\"><strong>Hallo, ich heisse Isaline, bin achtzehn Jahre alt und wohne in La Chaux-de-Fonds.<\/strong><\/h3>\r\n<h3>\u00a0<\/h3>\r\n<h3 style=\"padding-left: 40px;\"><strong>Kunst ist f\u00fcr mich etwas Kreatives. Es ist das, was ein wenig aus unserem Innersten herauskommt.<\/strong><\/h3>\r\n<p>&nbsp;<\/p>\r\n<h3 style=\"padding-left: 40px;\"><strong>Heute habe ich ein Rendezvous mit einem Kunstwerk von Olivier Mosset im Mus\u00e9e des Beaux Arts in La Chaux-de-Fonds. Kommst du mit?<\/strong><\/h3>\r\n<p>&nbsp;<\/p>\r\n<p>Das Kunstwerk befindet sich im Museum der Sch\u00f6nen K\u00fcnste. Ich bin angekommen und weiss, dass es sich auf der anderen Seite des Museums befindet. Ich gehe um das Museum herum, um es zu suchen. Es befindet sich an einer der Fassaden. Ich gehe zur R\u00fcckseite des Museums, das wirklich sehr farbenfroh ist. Es ist sehr, sehr nett.<\/p>\r\n<p>Ich glaube, ich sehe sie. Ja, das ist sie wirklich! Es ist wie ein Rechteck an der Wand, das aus vielen kleinen Quadraten besteht, die ein bisschen wie Bordsteinkanten aussehen. Es gl\u00e4nzt wirklich in der Sonne. Es ist ziemlich einfach, aber ich finde es trotzdem ziemlich sch\u00f6n. Ehrlich gesagt glaube ich, dass ich daran vorbeigegangen w\u00e4re, ohne zu wissen, dass es sich um ein Kunstwerk handelt. Ich w\u00fcrde sagen, dass es nicht wirklich Emotionen ausl\u00f6st. Es ist eher ruhig, weil es quadratisch ist und nichts herausragt.<\/p>\r\n<p>Ich werde sehen, ob ich mit dem Steckbrief weitere Informationen erhalten kann. Es handelt sich um ein unbetiteltes Werk von Olivier Mosset aus den Jahren 1996-1997. Es ist aus Granit und hat die Masse 210 x 350 cm.<\/p>\r\n<p>Das hilft mir nicht viel weiter ... Okay, das ist Granit. Ich weiss nicht, ob es zum Bau von Gehwegen verwendet wird, aber auf jeden Fall erinnert es mich wirklich daran. Ich weiss, dass es ein sehr festes Material ist, das f\u00fcr Bauwerke oder solche Dinge verwendet werden kann.<\/p>\r\n<p>Ich weiss, dass die Leute im Museum dieses Werk die \"Schokoladentafel\" nennen. Das stimmt, in gewisser Weise k\u00f6nnte man es auch so sehen. Es sieht aus wie Schokoladenquadrate!<\/p>\r\n<p>Dann ist es f\u00fcr mich an der Zeit, dem K\u00fcnstler Fragen zu stellen.<\/p>\r\n<p><strong>ISALIN:<\/strong> Wie kam es in Ihrem Kopf zu der Idee, Granit zu verwenden, denn das ist doch kein Material, das man normalerweise in der Kunst verwendet. Zumindest habe ich nicht den Eindruck.<\/p>\r\n<p><strong>OLIVIER MOSSET:<\/strong> Also, im Museum von La Chaux-de-Fonds gab es ein Skulpturenprogramm, von Charles L'Eplattenier, das aber nie fertiggestellt worden war. Er hatte das gemacht, was \u00fcber der T\u00fcr ist und so weiter. Und ich war mit Charri\u00e8re befreundet, der damals der Direktor war, und ich sagte ihm, dass dieses Programm fortgesetzt werden sollte. An der Fassade haben wir einen Lawrence Weiner angebracht. Dieses Werk habe ich mehr oder weniger angeboten, weil sie kein englischsprachiges Werk wollten, aber wenn man es ihnen anbietet, sind sie verpflichtet, es zu installieren. Und es gibt auch einen Fran\u00e7ois Morellet. Und es gab zwei Tafeln dahinter: eine ist da, eine hat G\u00fcnther F\u00f6rg gemacht, und die andere habe ich gemacht.<\/p>\r\n<p><strong>ISALIN:<\/strong> Ich bin auch neugierig: Warum haben Sie Quadrate verwendet? Warum keine Kreise oder eine andere Form?<\/p>\r\n<p><strong>OLIVIER MOSSET:<\/strong> Ich wusste nicht so recht, was ich machen sollte... Aber dann sagte jemand zu mir: \"Ist deine Platte fertig? Ich sagte: \"Gut, wir k\u00f6nnen eine Tafel Schokolade machen! Und es ist ja auch ein bisschen das gleiche Modell.<br \/>Aber es gibt eine Tradition der Konstruktivisten mit der Verwendung von Rastern. Es gibt sogar eine ganze Schule von Leuten, die Raster anfertigen. Also schien mir das auf einer solchen Platte Sinn zu machen.<\/p>\r\n<p><strong>ISALIN:<\/strong> Es erinnert mich auch ein bisschen an die Stadt La Chaux-de-Fonds, weil sie rasterf\u00f6rmig angelegt ist, um Br\u00e4nde zu verhindern. Man k\u00f6nnte dort fast kleine H\u00e4user, kleine Hausd\u00e4cher und Stra\u00dfen wie einen genauen Plan sehen.<\/p>\r\n<p><strong>OLIVIER MOSSET:<\/strong> Ja, das passt gut! Und au\u00dferdem sind auch die amerikanischen St\u00e4dte so gebaut, also ist es modern. Nat\u00fcrlich hat es etwas damit zu tun, aber erst im Nachhinein! Man macht das St\u00fcck, und dann merkt man, dass es einen Zusammenhang gibt.<\/p>\r\n<p><strong>ISALIN:<\/strong> Ist es beabsichtigt, dass das Kunstwerk die gleiche Form und Gr\u00f6\u00dfe wie die beiden Rechtecke auf jeder Seite des Kunstwerks hat?<\/p>\r\n<p><strong>OLIVIER MOSSET:<\/strong> Es gab also diese Platten, die es gab, Platten in der gleichen Gr\u00f6\u00dfe. Es war der Architekt, der diese Platten damals eingebaut hatte.<\/p>\r\n<p><strong>ISALIN:<\/strong> Macht es f\u00fcr Sie Sinn, dass das Werk \"die Schokoladentafel\" genannt wird?<\/p>\r\n<p><strong>OLIVIER MOSSET:<\/strong> Ich musste es irgendwann sagen, als es hie\u00df: \"Ist deine Plakette fertig?\". Dann ging es von alleine weiter. Es k\u00f6nnte also Sinn machen. Aber es ist nicht der Titel des Werks, der ohne Titel ist, glaube ich. Aber was auch lustig ist, ist, dass ich Skulpturen gemacht habe, die wie die Panzersperren sind, die man in der Schweiz \u00fcberall findet, und die Toblerone hei\u00dfen. Und Schokolade ist ja auch so ein Schweizer Ding.<\/p>\r\n<p>&nbsp;<\/p>\r\n\r\n<p>\u00b0\u00b0<\/p>\r\n\r\n\r\n\r\n<p class=\"has-small-font-size\">\"ART'S COOL\" oder \"Art is cool\"!<\/p>\r\n\r\n\r\n\r\n<p class=\"has-small-font-size\">Dies ist eine Begegnung mit einem zeitgen\u00f6ssischen Kunstwerk in der Schweiz, betrachtet, erkundet, und hinterfragt von jungen Menschen. Auf die Fragen der Jugendlichen geben wiederum die K\u00fcnstlerin oder der K\u00fcnstler auf ihre Weise eine Antwort. Ganz einfach, nicht?<\/p>\r\n\r\n\r\n\r\n<p class=\"has-small-font-size\">In dieser zweiten Saison l\u00e4dt unser Podcast dich ein, Werke ausserhalb der \u00fcblichen Ausstellungsorte zu besuchen, meistens im Freien! Fast jede Woche entdecken wir gemeinsam eine k\u00fcnstlerische Sch\u00f6pfung, die irgendwo in der Schweiz im \u00f6ffentlichen Raum zu finden ist.<\/p>\r\n\r\n\r\n\r\n<p class=\"has-small-font-size\">Heute ging es um das Werk <em>Ohne Titel <\/em>d'<a href=\"https:\/\/en.wikipedia.org\/wiki\/Olivier_Mosset\">Olivier Mosset<\/a>und Isalines neugieriger Blick. Verpassen Sie es nicht, das Werk, um das es in La Chaux-de-Fonds ging, in natura zu entdecken, auf einer Fassade des <a href=\"https:\/\/www.mbac.ch\">Museum der sch\u00f6nen K\u00fcnste<\/a>.<\/p>\r\n\r\n\r\n\r\n<p class=\"has-small-font-size\">Sammle zeitgen\u00f6ssische Kunst mit deinen Ohren! Die Webseite <a href=\"https:\/\/artscool.ch\/de\/\"><strong>artscool.ch\/de<\/strong><\/a> pr\u00e4sentiert alle Episoden, die seit Herbst 2021 ausgestrahlt wurden. Eine vielf\u00e4ltige und wachsende Sammlung! Ausserdem findest du dort alle Portraits der jugendlichen Fans der zeitgen\u00f6ssischen Kunst, die Kurzbiographien der interviewten K\u00fcnstlerinnen und K\u00fcnstler und die Bilder der Werke.<\/p>\r\n\r\n\r\n\r\n<p class=\"has-small-font-size\">Falls du zur Verbreitung des Podcasts ART\u2019S COOL beitragen m\u00f6chtest, z\u00f6gere nicht\u2026 in deinem Umfeld dar\u00fcber zu sprechen, den Podcast auf deiner bevorzugten Plattform zu abonnieren und mit f\u00fcnf Sternen zu bewerten. Du kannst uns auch auf Instagram folgen unter dem Account <strong><a href=\"https:\/\/www.instagram.com\/young_pods\/\">young_pods<\/a>.<\/strong><\/p>\r\n\r\n\r\n\r\n<p class=\"has-small-font-size\">Der Podcast ART\u2019S COOL wird realisiert und ausgestrahlt mit der grossz\u00fcgigen Unterst\u00fctzung der Loterie Romande, dem Migros-Kulturprozent, der Oertli-Stiftung, der Sandoz-Familienstiftung, den Kantonen Aargau, Basel-Stadt, Bern, Genf, Glarus, Graub\u00fcnden, Obwalden, Sankt Gallen, Solothurn, Thurgau, Waadt, Wallis, Zug, Z\u00fcrich, und den St\u00e4dten Winterthur, Yverdon-les-bains, Zug und Z\u00fcrich.<\/p>\r\n\r\n\r\n\r\n<p class=\"has-small-font-size\">Mit der Stimme von Florence Grivel in der franz\u00f6sischen Version und Stephan Kyburz in der deutschen Version.<br \/>Musik and Sounddesign von Christophe Gonet.<\/p>\r\n\r\n\r\n\r\n<p class=\"has-black-color has-text-color has-small-font-size\">Dies ist eine Produktion <a href=\"https:\/\/www.youngpods.ch\/\" target=\"_blank\" rel=\"noreferrer noopener\"><span style=\"text-decoration: underline;\"><strong>Young Pods<\/strong><\/span><\/a>.<\/p>","protected":false},"excerpt":{"rendered":"<p>La Chaux-de-Fonds, Kunstmuseum: Isaline betrachtet das unbetitelte Werk von Olivier Mosset an einer der Au\u00dfenfassaden des Museums und denkt, dass diese Skulptur einer Tafel Schokolade sehr \u00e4hnlich sieht.<\/p>","protected":false},"featured_media":2520,"template":"","artist":[209],"canton":[146],"episode-":[105],"season":[82],"podcast-categories":[],"class_list":["post-2518","podcast","type-podcast","status-publish","has-post-thumbnail","hentry","artist-olivier-mosset","canton-neuchatel","episode--episode-56","season-season-2"],"acf":[],"_links":{"self":[{"href":"https:\/\/artscool.ch\/de\/wp-json\/wp\/v2\/podcast\/2518","targetHints":{"allow":["GET"]}}],"collection":[{"href":"https:\/\/artscool.ch\/de\/wp-json\/wp\/v2\/podcast"}],"about":[{"href":"https:\/\/artscool.ch\/de\/wp-json\/wp\/v2\/types\/podcast"}],"version-history":[{"count":2,"href":"https:\/\/artscool.ch\/de\/wp-json\/wp\/v2\/podcast\/2518\/revisions"}],"predecessor-version":[{"id":3051,"href":"https:\/\/artscool.ch\/de\/wp-json\/wp\/v2\/podcast\/2518\/revisions\/3051"}],"wp:featuredmedia":[{"embeddable":true,"href":"https:\/\/artscool.ch\/de\/wp-json\/wp\/v2\/media\/2520"}],"wp:attachment":[{"href":"https:\/\/artscool.ch\/de\/wp-json\/wp\/v2\/media?parent=2518"}],"wp:term":[{"taxonomy":"artist","embeddable":true,"href":"https:\/\/artscool.ch\/de\/wp-json\/wp\/v2\/artist?post=2518"},{"taxonomy":"canton","embeddable":true,"href":"https:\/\/artscool.ch\/de\/wp-json\/wp\/v2\/canton?post=2518"},{"taxonomy":"episode-","embeddable":true,"href":"https:\/\/artscool.ch\/de\/wp-json\/wp\/v2\/episode-?post=2518"},{"taxonomy":"season","embeddable":true,"href":"https:\/\/artscool.ch\/de\/wp-json\/wp\/v2\/season?post=2518"},{"taxonomy":"podcast-categories","embeddable":true,"href":"https:\/\/artscool.ch\/de\/wp-json\/wp\/v2\/podcast-categories?post=2518"}],"curies":[{"name":"wp","href":"https:\/\/api.w.org\/{rel}","templated":true}]}}