{"id":2471,"date":"2023-05-04T17:55:13","date_gmt":"2023-05-04T15:55:13","guid":{"rendered":"https:\/\/artscool.ch\/?post_type=podcast&#038;p=2471"},"modified":"2024-10-04T12:52:07","modified_gmt":"2024-10-04T10:52:07","slug":"matild-ana-roldan","status":"publish","type":"podcast","link":"https:\/\/artscool.ch\/de\/podcast\/matild-ana-roldan\/","title":{"rendered":"Matild &amp; Ana Rold\u00e1n"},"content":{"rendered":"<p class=\"has-small-font-size\">\u00a0<\/p>\r\n\r\n<h3><strong>Hallo zusammen! Ich bin Matild, bin 18 Jahre alt und komme von Z\u00fcrich.<\/strong><\/h3>\r\n<h3>\u00a0<\/h3>\r\n<h3><strong>Kunst ist f\u00fcr mich eine M\u00f6glichkeit, sich auszudr\u00fccken und was ich mega spannend finde, ist, wenn ein Werk eine Wirkung auf den Betrachter oder die Betrachterin hat. Und Kunst hat f\u00fcr mich etwas sehr Meditatives auch und es ist wie eine kleine Flucht aus der Realit\u00e4t.<\/strong><\/h3>\r\n<h3>\u00a0<\/h3>\r\n<h3><strong>Heute habe ich eine Begegnung mit einem Kunstwerk in Altstetten Z\u00fcrich.<br \/>Kommt ihr auch mit?<\/strong><\/h3>\r\n<p>&nbsp;<\/p>\r\n<hr \/>\r\n<p>Wir sind gerade mit dem Bus hier am Eingang des Eichb\u00fchl-Friedhofs angekommen, und die Stimmung ist neblig und es gibt einige \"Friedhofs-Vibes\". Wir sehen bereits die ersten Gr\u00e4ber. Und wir machen uns nun auf die Suche nach dem Kunstwerk.<\/p>\r\n<p>Auf dem Weg sieht man bereits \u2013 wenn man genau hinschaut von Weitem \u2013 eine kleine goldige Kugel und diese befindet sich am Ende einer Allee von B\u00e4umen. Und jetzt gehen wir langsam auf die goldige Kugel zu.<\/p>\r\n<p>Es k\u00f6nnte auch gerade wie in einem Film sein, also man h\u00f6rt schon von Weitem die Kr\u00e4hen und es ist alles recht grau. Ausser die Wiese, die ist gr\u00fcn. Und die Kugel f\u00e4llt mir gleich ins Auge, weil sie mit der goldigen Farbe aus den Graut\u00f6nen heraussticht.<\/p>\r\n<p>Wir sind jetzt vor dem Kunstwerk angekommen. Wir befinden uns vor einem kleinen Teich, Kunstteich mit ganz viel Laub darin. Und die Kugel befindet sich auf dem Dach mit zwei St\u00fctzen daran, die wohl als Unterstand dienen, falls es hier mal regnet.<\/p>\r\n<p>Das Kunstwerk heisst \u201cEnjoy the Silence\u201d von Ana Rold\u00e1n. Das Werk befindet sich im Friedhof Eichb\u00fchl in Z\u00fcrich. Und es wurde 2015 realisiert. Es ist eine Plastik aus Chromstahl, in matt-gold galvanisiert. Und der Durchmesser der Kugel ist 110cm.<\/p>\r\n<p>Ich habe nun noch einige Fragen an Ana Rold\u00e1n.<\/p>\r\n<p><strong>ANA ROLD\u00c1N:<\/strong> Hallo Matild, sch\u00f6n dass du dich f\u00fcr meine Arbeit im Friedhof Eichb\u00fchl interessierst.<\/p>\r\n<p><strong>MATILD:<\/strong> Als erstes frage ich mich, ob zuerst der Friedhof oder das Kunstwerk da war?<\/p>\r\n<p><strong>ANA ROLD\u00c1N:<\/strong> Zuerst war der Friedhof da. Entworfen haben ihn die Landschaftsarchitekten Fred Eicher und Ernst Graf, und die Architekten Hans und Annemarie Hubacher. Er wurde schon im Jahr 1968 fertig gebaut und er gilt unter den Fachleuten als eines der bedeutendsten Werke moderner Schweizer Landschaftsarchitektur. Ich habe die Intervention mit der Kugel erst im Jahre 2015 gemacht, als Teil einer Gruppenausstellung im \u00f6ffentlichen Raum in Altstetten und Albisrieden. Es h\u00e4tte nicht eine permanente Ausstellung sein sollen, sondern nur drei Monate dauern. Aber die Nachbarn haben sich organisiert und den Direktor des Friedhofs gebeten, dass die Kugel bleiben soll. Die Stadt war einverstanden und dank der Mobiliar-Sammlung, die die Arbeit gekauft und dem Friedhof ausgeliehen hat, kann die Kugel f\u00fcr l\u00e4ngere Zeit dort bleiben.<\/p>\r\n<p><strong>MATILD:<\/strong> Ich frage mich auch noch, warum sie sich gerade f\u00fcr eine Kugel als Form entschieden hat f\u00fcr das Kunstwerk, und auch warum dieses Material?<\/p>\r\n<p><strong>ANA ROLD\u00c1N:<\/strong> Weil es damit etwas Spannung in dem sonst so ruhigen Friedhof gibt \u2013 vielleicht?<\/p>\r\n<p><strong>MATILD:<\/strong> Ich frage mich auch, warum sie eine Kugel als Form f\u00fcr das Kunstwerk gew\u00e4hlt hat und warum dieses Material?<\/p>\r\n<p><strong>ANA ROLD\u00c1N:<\/strong> Ich dachte, diese Form passt sehr gut in die Landschaft als Kontrast zu den langgezogenen, horizontalen Linien, die sich durch den Friedhof ausbreiten.<\/p>\r\n<p><strong>MATILD:<\/strong> Und ob auch noch der Teich zu dem Kunstwerk geh\u00f6rt? Ob hier eine Verbindung zum Wasser vorliegt oder ob das einfach willk\u00fcrlich so dazu gebaut worden ist?<\/p>\r\n<p><strong>ANA ROLD\u00c1N:<\/strong> Der Teich war Teil des Projekts der Landschaftsarchitekten, die den Friedhof gebaut haben. Er ist dort seit den 1960er Jahren.<\/p>\r\n<p><strong>MATILD:<\/strong> Ich frage mich auch, wie sie auf den Titel gekommen ist und ob es wie als Ort dienen soll, wo man sich wirklich mal die Zeit nimmt und auf diese Ruhe achtet, und somit auf dies hinweisen soll. Und auch ob die goldene Kugel auf das Ende des Lebens hinweist, weil wir uns hier auf einem Friedhof befinden?<\/p>\r\n<p><strong>ANA ROLD\u00c1N:<\/strong> Ja, der Titel ist einerseits ein Zitat von einem Lied der Band \u201cDepeche Mode\u201d. Das Lied meint, dass man ohne Worte den Moment geniessen soll. Eigentlich hat diese Arbeit viel mit dem Tod zu tun. Diese Arbeit ist eine Hommage an James Lee Byars. Er hat eine \u00e4hnliche Arbeit im Jahr 1995 gemacht, dem \u201cMonument to Language\u201d. Allgemein ging es in seiner Arbeit vor allem um den Tod, die Ewigkeit und die Perfektion. Byars ist in Kairo gestorben und hat keinen richtigen Grabstein. Ich dachte, es w\u00fcrde passen, an ihn in diesem Friedhof mit dieser Form zu erinnern.<\/p>\r\n<p>Ich hoffe, dass ich deine Fragen beantworten konnte. Vielen Dank f\u00fcr deine Neugier.<br \/>Ich w\u00fcnsche dir viel Erfolg.<\/p>\r\n<p>&nbsp;<\/p>\r\n\r\n<p class=\"has-small-font-size\">\u00b0\u00b0<\/p>\r\n\r\n\r\n\r\n<p class=\"has-small-font-size\">ART'S COOL oder \"Art is cool\"!<\/p>\r\n\r\n\r\n\r\n<p class=\"has-small-font-size\">Dies ist eine Begegnung mit einem zeitgen\u00f6ssischen Kunstwerk in der Schweiz, betrachtet, erkundet, und hinterfragt von jungen Menschen. Auf die Fragen der Jugendlichen geben wiederum die K\u00fcnstlerin oder der K\u00fcnstler auf ihre Weise eine Antwort. Ganz einfach, nicht?<\/p>\r\n\r\n\r\n\r\n<p class=\"has-small-font-size\">In dieser zweiten Saison l\u00e4dt unser Podcast dich ein, Werke ausserhalb der \u00fcblichen Ausstellungsorte zu besuchen, meistens im Freien! Fast jede Woche entdecken wir gemeinsam eine k\u00fcnstlerische Sch\u00f6pfung, die irgendwo in der Schweiz im \u00f6ffentlichen Raum zu finden ist.<\/p>\r\n\r\n\r\n\r\n<p class=\"has-small-font-size\">Heute ging es um \"Enjoy the Silence\" von <a href=\"https:\/\/www.anaroldan.ch\/\">Ana Rold\u00e1n<\/a>, untersucht vom neugierigem Blick von Matild. Verpasse nicht, das Kunstwerk in Wirklichkeit selber zu entdecken, und zwar im Friedhof Eichb\u00fchl in Z\u00fcrich Altstetten.<\/p>\r\n\r\n\r\n\r\n<p class=\"has-small-font-size\">Sammle zeitgen\u00f6ssische Kunst mit deinen Ohren! Die Webseite <a href=\"https:\/\/artscool.ch\/de\/\"><strong>artscool.ch\/de<\/strong><\/a> pr\u00e4sentiert alle Episoden, die seit Herbst 2021 ausgestrahlt wurden. Eine vielf\u00e4ltige und wachsende Sammlung! Ausserdem findest du dort alle Portraits der jugendlichen Fans der zeitgen\u00f6ssischen Kunst, die Kurzbiographien der interviewten K\u00fcnstlerinnen und K\u00fcnstler und die Bilder der Werke.<\/p>\r\n\r\n\r\n\r\n<p class=\"has-small-font-size\">Falls du zur Verbreitung des Podcasts ART\u2019S COOL beitragen m\u00f6chtest, z\u00f6gere nicht\u2026 in deinem Umfeld dar\u00fcber zu sprechen, den Podcast auf deiner bevorzugten Plattform zu abonnieren und mit f\u00fcnf Sternen zu bewerten. Du kannst uns auch auf Instagram folgen unter dem Account <strong><a href=\"https:\/\/www.instagram.com\/young_pods\/\">young_pods<\/a>.<\/strong><\/p>\r\n\r\n\r\n\r\n<p class=\"has-small-font-size\">Der Podcast ART\u2019S COOL wird realisiert und ausgestrahlt mit der grossz\u00fcgigen Unterst\u00fctzung der Loterie Romande, dem Migros-Kulturprozent, der Oertli-Stiftung, der Sandoz-Familienstiftung, den Kantonen Aargau, Basel-Stadt, Bern, Glarus, Obwalden, Sankt Gallen, Solothurn, Thurgau, Waadt, Zug, Z\u00fcrich, und den St\u00e4dten Winterthur, Yverdon-les-bains, Zug und Z\u00fcrich.<\/p>\r\n\r\n\r\n\r\n<p class=\"has-small-font-size\">Mit der Stimme von Florence Grivel in der franz\u00f6sischen Version und Stephan Kyburz in der deutschen Version.<br \/>Musik and Sounddesign von Christophe Gonet.<\/p>\r\n\r\n\r\n\r\n<p class=\"has-black-color has-text-color has-small-font-size\">Dies ist eine Produktion <a href=\"https:\/\/www.youngpods.ch\/\" target=\"_blank\" rel=\"noreferrer noopener\"><span style=\"text-decoration: underline;\"><strong>Young Pods<\/strong><\/span><\/a>.<\/p>","protected":false},"excerpt":{"rendered":"<p>Friedhof Eichb\u00fchl in Z\u00fcrich Altstetten: Matild entdeckt \"Enjoy the Silence\" und fragt sich, ob die goldene Kugel den Endpunkt des Lebens symbolisiert.<\/p>","protected":false},"featured_media":2472,"template":"","artist":[220],"canton":[159],"episode-":[95],"season":[82],"podcast-categories":[],"class_list":["post-2471","podcast","type-podcast","status-publish","has-post-thumbnail","hentry","artist-ana-roldan","canton-zurich","episode--episode-46","season-season-2"],"acf":[],"_links":{"self":[{"href":"https:\/\/artscool.ch\/de\/wp-json\/wp\/v2\/podcast\/2471","targetHints":{"allow":["GET"]}}],"collection":[{"href":"https:\/\/artscool.ch\/de\/wp-json\/wp\/v2\/podcast"}],"about":[{"href":"https:\/\/artscool.ch\/de\/wp-json\/wp\/v2\/types\/podcast"}],"version-history":[{"count":2,"href":"https:\/\/artscool.ch\/de\/wp-json\/wp\/v2\/podcast\/2471\/revisions"}],"predecessor-version":[{"id":3061,"href":"https:\/\/artscool.ch\/de\/wp-json\/wp\/v2\/podcast\/2471\/revisions\/3061"}],"wp:featuredmedia":[{"embeddable":true,"href":"https:\/\/artscool.ch\/de\/wp-json\/wp\/v2\/media\/2472"}],"wp:attachment":[{"href":"https:\/\/artscool.ch\/de\/wp-json\/wp\/v2\/media?parent=2471"}],"wp:term":[{"taxonomy":"artist","embeddable":true,"href":"https:\/\/artscool.ch\/de\/wp-json\/wp\/v2\/artist?post=2471"},{"taxonomy":"canton","embeddable":true,"href":"https:\/\/artscool.ch\/de\/wp-json\/wp\/v2\/canton?post=2471"},{"taxonomy":"episode-","embeddable":true,"href":"https:\/\/artscool.ch\/de\/wp-json\/wp\/v2\/episode-?post=2471"},{"taxonomy":"season","embeddable":true,"href":"https:\/\/artscool.ch\/de\/wp-json\/wp\/v2\/season?post=2471"},{"taxonomy":"podcast-categories","embeddable":true,"href":"https:\/\/artscool.ch\/de\/wp-json\/wp\/v2\/podcast-categories?post=2471"}],"curies":[{"name":"wp","href":"https:\/\/api.w.org\/{rel}","templated":true}]}}