{"id":2312,"date":"2022-10-11T11:00:58","date_gmt":"2022-10-11T09:00:58","guid":{"rendered":"https:\/\/artscool.ch\/?post_type=podcast&#038;p=2312"},"modified":"2024-10-04T13:02:00","modified_gmt":"2024-10-04T11:02:00","slug":"happy-views-01-_-bryan-jean-tschumi","status":"publish","type":"podcast","link":"https:\/\/artscool.ch\/de\/podcast\/happy-views-01-_-bryan-jean-tschumi\/","title":{"rendered":"Happy Views 01 _ Bryan &amp; Jean Tschumi"},"content":{"rendered":"<p><em>ART'S COOL pr\u00e4sentiert HAPPY VIEWS.<\/em><\/p>\r\n\r\n\r\n\r\n<p><em>Dies ist ein Spaziergang zum Herzen einer privaten Sammlung.<\/em><\/p>\r\n\r\n\r\n\r\n<p><em>Wir heissen dich heute herzlich willkommen in jener der <\/em><strong><em>Vaudoise Versicherungen<\/em><\/strong><em>. Eine Institution, die zeitgen\u00f6ssische Schweizer Kunst unterst\u00fctzt und sch\u00e4tzt, quer durch ihre sehenswerte Sammlung.<\/em><\/p>\r\n\r\n\r\n\r\n<div class=\"wp-block-spacer\" style=\"height: 22px;\" aria-hidden=\"true\">\u00a0<\/div>\r\n\r\n\r\n\r\n<p><strong>Hallo, ich bin Bryan.<br \/>Ich bin einundzwanzig Jahre alt und wohne in Lausanne.<br \/>Ich bin Lehrling bei der Vaudoise.<\/strong><\/p>\r\n\r\n\r\n\r\n<p><strong>F\u00fcr mich ist die Vaudoise in erster Linie eine Versicherung, aber auch ein Arbeitgeber.<br \/>Und f\u00fcr mich ist Kunst kompliziert. Ich finde sie sehr sch\u00f6n, aber manchmal auch ein bisschen unverst\u00e4ndlich.<\/strong><\/p>\r\n\r\n\r\n\r\n<p><strong>Ich habe eine Begegnung mit einer architektonischen Verwirklichung von Jean Tschumi: dem Hauptsitz der Vaudoise Versicherungen. Wir stehen nun direkt davor. Kommst du mit?<\/strong><\/p>\r\n\r\n\r\n\r\n<div class=\"wp-block-spacer\" style=\"height: 11px;\" aria-hidden=\"true\">\u00a0<\/div>\r\n\r\n\r\n\r\n<div class=\"wp-block-spacer\" style=\"height: 11px;\" aria-hidden=\"true\">\u00a0<\/div>\r\n\r\n\r\n\r\n<h3 class=\"wp-block-heading\" id=\"lou\"><strong>BRYAN:<\/strong><\/h3>\r\n\r\n\r\n\r\n<p>Bevor wir das Geb\u00e4ude betreten, werde ich kurz die Fassade beschreiben. Denn ich finde, dass es eine wirklich sehr moderne Architektur ist. Sie ist verglast. Und diese Verglasung besteht aus sehr grossen Sequenzen. \u00dcber dem Eingang ist ein Vordach zu sehen.<\/p>\r\n\r\n\r\n\r\n<p>Gleich am Eingang sieht man durch das Geb\u00e4ude hindurch den grossen Park und man hat einen Blick auf den See. Ich schlendere ein wenig durch die Eingangshalle und man sieht gleich eine grosse Treppe. Diese Treppe ist etwas ganz Besonderes, denn sie besteht aus zwei verschiedenen Materialien. Ausserdem ist sie fast abfallend: Sie sieht \u00fcberhaupt nicht wie eine normale Treppe aus. Wenn man unter der Treppe hindurchgeht, hat man das Gef\u00fchl, dass sie fast in der Luft schwebt. In der Eingangshalle f\u00fchle ich mich wohl, weil sie sehr ger\u00e4umig ist. Wenn ich zum Beispiel in der Lobby warten m\u00fcsste, gibt es dort viele sch\u00f6ne Dinge, die ich mir ansehen kann.<\/p>\r\n\r\n\r\n\r\n<p>Das Geb\u00e4ude heisst <em>Le C\u00e8dre<\/em>. Es wurde von Jean Tschumi entworfen und stammt aus dem Jahr 1956.<\/p>\r\n\r\n\r\n\r\n<p>Dies sind die Fragen, die ich der Spezialistin f\u00fcr Jean Tschumis Architektur, St\u00e9phanie Quantin Biancalani, gerne stellen w\u00fcrde:<\/p>\r\n\r\n\r\n\r\n<p>- Wie wurde Jean Tschumi dazu inspiriert, ein modernes, aber auch k\u00fcnstlerisches Geb\u00e4ude zu entwerfen?<\/p>\r\n\r\n\r\n\r\n<p>- Was hat ihn dazu inspiriert, diese Kunst mit einem klassischen Geb\u00e4ude f\u00fcr eine Versicherung zu kombinieren?<\/p>\r\n\r\n\r\n\r\n<p>- War es die Vaudoise, die Jean Tschumi mit dem Bau des Geb\u00e4udes beauftragte? Und welche Auflagen gab es?<\/p>\r\n\r\n\r\n\r\n<p>- Ich w\u00fcrde auch gerne wissen, was auf diesem St\u00fcck Land war, bevor dieses Geb\u00e4udes gebaut wurde.<\/p>\r\n\r\n\r\n\r\n<p>- Das Geb\u00e4ude heisst <em>\"Die Zeder\": <\/em>mussten sie das Geb\u00e4ude um die B\u00e4ume herum bauen?<\/p>\r\n\r\n\r\n\r\n<p>- War es damals schon \u00fcblich, so viel Licht und so viele Fenster in einem Geb\u00e4ude zu haben?<\/p>\r\n\r\n\r\n\r\n<p>- Ich frage mich auch, ob die M\u00f6bel, einschliesslich der St\u00fchle, die wir in der Lobby haben, ebenfalls aus dieser Zeit stammen und somit siebzig Jahre alt sind.<\/p>\r\n\r\n\r\n\r\n<p>- Hat sich die Halle in den letzten siebzig Jahren ver\u00e4ndert?<\/p>\r\n\r\n\r\n\r\n<p>- Neben der Vaudoise Versicherung gibt es ein weiteres Werk von Jean Tschumi: die Aula des C\u00e8dres. Ich w\u00fcrde gerne wissen, ob er sie vor diesem Geb\u00e4ude erschaffen hat.<\/p>\r\n\r\n\r\n\r\n<p>- Hat dieses andere Geb\u00e4ude die gleichen architektonischen Prinzipien, d. h. hat er alles von A bis Z gemacht, wie ein Werk, wie ein Kunstwerk?<\/p>\r\n\r\n\r\n\r\n<div class=\"wp-block-spacer\" style=\"height: 11px;\" aria-hidden=\"true\">\u00a0<\/div>\r\n\r\n\r\n\r\n<h3 class=\"wp-block-heading\" id=\"emmanuelle-antille\"><strong>STEPHANIE QUANTIN BIANCALANI:<\/strong><\/h3>\r\n\r\n\r\n\r\n<p>Hallo Bryan, Ich werde versuchen, deine Fragen zu beantworten.<\/p>\r\n\r\n\r\n\r\n<p>Wie wurde der Architekt dazu inspiriert, ein klassisches, funktionales Geb\u00e4ude mit einer k\u00fcnstlerischen Architektur zu verbinden? Zun\u00e4chst muss man daran erinnern, dass Jean Tschumi seine Ausbildung an der Kunsthochschule absolviert hat. Er lernte im Atelier eines Architekten namens Emmanuel Pontremoli, der sicherlich einer der klassischsten aller Professoren war, die zu dieser Zeit an der \u00c9cole des Beaux-Arts unterrichteten. Er lernte die Kompositionsregeln der klassischen Architektur, einen gewissen Sinn f\u00fcr das Gleichgewicht der Formen und Proportionen. Und es stimmt, dass die strengen Raster des Hauptsitzes der Vaudoise diese klassische Kultur widerspiegeln. Kurz vor dem Krieg stand Jean Tschumi jedoch auch unter dem wachsenden Einfluss moderner Architekten. Er liess sich von den rationalen Architekturen Auguste Perrets inspirieren, insbesondere bei den Sandoz-Laboratorien in Orl\u00e9ans, aber auch von neueren amerikanischen Beispielen. 1952 unternimmt Jean Tschumi eine Reise in die USA, wo er unter anderem New York und Washington besucht und einige der innovativsten B\u00fcrogeb\u00e4ude in Bezug auf Funktionalit\u00e4t und Flexibilit\u00e4t entdeckt. Diese sollten einen entscheidenden Einfluss auf seinen architektonischen Wurf f\u00fcr die Vaudoise haben.<\/p>\r\n\r\n\r\n\r\n<p>Und dann spricht man im Zusammenhang mit der Vaudoise auch von einer k\u00fcnstlerischen Architektur. Und es stimmt, dass der Sitz der Vaudoise Anlass f\u00fcr einen Kunstwettbewerb war, der ganz am Ende der Bauarbeiten ausgeschrieben wurde. Dieser Wettbewerb sollte einen aussergew\u00f6hnlichen Erfolg haben, da es mehr als 360 Bewerber gab. Das Ziel dieses Wettbewerbs war es, Auftr\u00e4ge f\u00fcr Gem\u00e4lde und Skulpturen zu vergeben, die das Geb\u00e4ude von Jean Tschumi schm\u00fccken werden. Es ist eine Frage der Synthese der K\u00fcnste, die Frage der Integration der K\u00fcnste in die Architektur und des Dialogs zwischen Kunstschaffenden und Architekten, die auf zeitgen\u00f6ssischen Kongressen und Konferenzen ausf\u00fchrlich diskutiert wurde. Man denke nur an Fernand L\u00e9gers Vortrag \u00fcber die Rolle der Farbe in der Architektur. Und nat\u00fcrlich ist Jean Tschumi f\u00fcr diese verschiedenen \u00dcberlegungen durchaus empf\u00e4nglich. F\u00fcr ihn ist es offensichtlich, dass die Vaudoise ein Ganzes ist und dass es nicht m\u00f6glich ist, die Architektur, die Fassaden, die Innenausstattung mit dem Mobiliar, aber auch die k\u00fcnstlerischen Auftr\u00e4ge oder die landschaftliche Integration, die Gartenordnung, das Studium der Farben und das Studium der Materialien voneinander zu trennen. F\u00fcr ihn muss all dies integriert werden und zu einem nahezu organischen Ganzen verschmelzen.<\/p>\r\n\r\n\r\n\r\n<p>War es die Vaudoise, die das Geb\u00e4ude in Auftrag gegeben hatte, und welche Auflagen gab es? Es war tats\u00e4chlich die Vaudoise, die damals schon ein bedeutendes Unternehmen in der Schweiz war, eine der wichtigsten Versicherungen des Landes, die das Projekt initiierte. Sie schrieb den Auftrag nicht wirklich aus. Es scheint, dass das Unternehmen 1951 auf Einladung eine kleine Konsultation unter Architekten durchf\u00fchrt, um seinen Hauptsitz in Lausanne an einem prestigetr\u00e4chtigen Standort im S\u00fcden der Stadt am Genfersee zu bauen. Sehr schnell setzte sich Jean Tschumi durch und gewann den Auftrag zur Architekturberatung zum Bau des Hauptsitzes der Vaudoise. Man muss dazu sagen, dass er sich einen gewissen Ruf erwarb, da er gerade erst die Sandoz-Laboratorien in Orl\u00e9ans fertig gebaut hatte, die ihm eine recht lobende Kritik, insbesondere in der Architekturpresse, eingebracht hatten.<\/p>\r\n\r\n\r\n\r\n<p>Es gab zwei Arten von Auflagen. Eine erste, die aufgrund des gew\u00e4hlten Standorts offensichtlich ist, ist die Landschaft. Wir befinden uns am Ufer des Genfer Sees und der Standort bestimmt die V-f\u00f6rmige Anordnung des Geb\u00e4udes, um die Architektur so weit wie m\u00f6glich zur Landschaft hin zu \u00f6ffnen. Die Idee ist es, jegliche visuellen Hindernisse zu vermeiden und jedem B\u00fcro und jedem Mitarbeitenden der Vaudoise einen idealen Blick auf den Genfersee zu bieten. Die beiden B\u00fcrogeb\u00e4ude werden also im rechten Winkel entlang der Avenue de Cour und der Avenue des Bains angeordnet, wobei dem Hauptgeb\u00e4ude und insbesondere dem Erdgeschoss des Hauptgeb\u00e4udes mehr Aufmerksamkeit gewidmet wird, da es nahezu eine verglaste Galerie bildet, die sich zu den Alpen und dem Genfersee hin \u00f6ffnet. Zur damaligen Zeit sprach die Gazette de Lausanne von \"einem See-Vorzimmer\".<\/p>\r\n\r\n\r\n\r\n<p>Die zweite wichtige Auflage ist die Einschr\u00e4nkung der Funktionalit\u00e4t. Die Idee \u2013 wir haben es hier mit \"Corporate Architecture\" zu tun \u2013 ist es, einen Raum f\u00fcr Prestige, aber auch f\u00fcr die Arbeit zu bieten; also Arbeitsbedingungen, die modernen Standards in Bezug auf Effizienz, Flexibilit\u00e4t und Komfort entsprechen. Die Standards werden durch den Vergleich mit den grossen amerikanischen Beispielen der Unternehmensarchitektur festgelegt. Alles soll eine Arbeitsumgebung bieten, die die Konzentration f\u00f6rdert, auch die Farben der W\u00e4nde. Tschumi liess sich in Zusammenarbeit mit dem Architekten Guido Cocchi von den amerikanischen Theorien zu funktionalen Farben und Stimmungen in Arbeitsr\u00e4umen inspirieren. Die Farbpalette soll dazu beitragen, eine psychologische Atmosph\u00e4re zu schaffen, die der Konzentration aber auch der Erholung f\u00f6rderlich ist, mit einer Palette von Grau-, Gelb- und Malvenfarben, die stellenweise durch kr\u00e4ftigere Farben belebt werden.<\/p>\r\n\r\n\r\n\r\n<p>Zur dritten Frage: Das Geb\u00e4ude heisst \"Le C\u00e8dre (die Zeder)\". Mussten sie das Geb\u00e4ude um die B\u00e4ume herum bauen? Wie ich Ihnen bereits gesagt habe, ist die landschaftliche Qualit\u00e4t des Standorts ein Hauptargument f\u00fcr den Bau des Geb\u00e4udes. Und tats\u00e4chlich konnten bei der Wahl des Standorts alle wertvollen B\u00e4ume und insbesondere eine Reihe von Zedern erhalten werden, sowohl auf der Seite der Avenue de Cour, die den Ehreneingang des Sitzes einrahmen wird, als auch auf der Parkseite in Richtung Genfersee. F\u00fcr Tschumi war es das Ziel, eine leichte Architektur mit einem transparenten Volumen zu verbinden, die Innen und Aussen, die Natur und nat\u00fcrlich die Kunst durch die Kunstwerke verschmelzen l\u00e4sst.<\/p>\r\n\r\n\r\n\r\n<p>Ist es \u00fcblich, so viele Glasscheiben in einem Geb\u00e4ude zu haben? Im Vergleich zu seinen fr\u00fcheren Projekten hat der Architekt wirklich versucht, die Glasfl\u00e4chen des Hauptsitzes der Vaudoise noch weiter zu vergr\u00f6ssern. Die Forderung nach Transparenz, die ziemlich neu war, wurde von amerikanischen Beispielen w\u00e4hrend der Reise in die Vereinigten Staaten 1952 inspiriert. Diese Forderung nach Transparenz wird f\u00fcr den Sitz von Nestl\u00e9 in Vevey noch verst\u00e4rkt. Es gibt moderne Fenster aus einer Aluminiumlegierung mit Thermopan-Glas mit schwenkbaren Schiebern, die eine ideale Transparenz und Klarheit gew\u00e4hrleisten, um die Arbeitsbedingungen zu verbessern. Aber im Sinne von Jean Tschumi ist es auch das Ziel, sich zur Landschaft und zum nat\u00fcrlichen Licht hin zu \u00f6ffnen.<\/p>\r\n\r\n\r\n\r\n<p>Sind die St\u00fchle in der Lobby original? Ja und nein. Die St\u00fchle, die derzeit im Erdgeschoss des Hauptgeb\u00e4udes stehen, sind ziemlich ber\u00fchmte Modelle, die \"Diamond Chairs\", die von dem Designer Harry Bertoia entworfen und die Mitte der 1950er Jahre von Knoll herausgegeben wurden. Es stimmt, dass Tschumi f\u00fcr seine Projekte, insbesondere f\u00fcr Firmensitze, die Angewohnheit hatte, einen Grossteil der M\u00f6bel selbst zu entwerfen, aber auch zeitgen\u00f6ssische Modelle von grossen Designh\u00e4usern zu erwerben. Damals befanden sich diese \"Diamond Chairs\" tats\u00e4chlich im Geb\u00e4ude der Vaudoise, den Fotografien zufolge jedoch in den B\u00fcros der Direktoren. In der Lobby gab es ein anderes Modell: Sessel, die von Jean Tschumi entworfen worden waren, mit einem recht interessanten Design, eher schwer, eher massiv, mit einer sehr geneigten, sehr niedrigen Sitzfl\u00e4che. Das Faszinierende am Design von Jean Tschumi ist, dass jedes M\u00f6belst\u00fcck, jedes M\u00f6belelement wirklich durchdacht, genau studiert und entworfen wird, um einem bestimmten Raum gerecht zu werden. Hier sind die Sessel niedrig, gerade um die aussergew\u00f6hnliche Aussicht auf die Alpen und den Genfersee geniessen zu k\u00f6nnen.<\/p>\r\n\r\n\r\n\r\n<p>Hat sich die Halle in den letzten 70 Jahren ver\u00e4ndert? Ja, die Halle hat einige Ver\u00e4nderungen erfahren, um den neuen Bed\u00fcrfnissen des Unternehmens gerecht zu werden. Aber keine zu grossen Ver\u00e4nderungen, die die architektonischen Qualit\u00e4ten verf\u00e4lschen k\u00f6nnten. Die Politik der Vaudoise, das Werk von Jean Tschumi zu erhalten und zur Geltung zu bringen, ist wirklich zu begr\u00fcssen. Eine der wichtigsten Ver\u00e4nderungen, die man neben der \u00c4nderung des Mobiliars feststellen konnte, ist der Empfangstresen, der sich urspr\u00fcnglich gegen\u00fcber dem Eingang befand und heute auf einer der Seiten liegt.<\/p>\r\n\r\n\r\n\r\n<p>Und dann, ganz passend, verfolgte die Vaudoise eine Politik der Schaffung von Kunstauftr\u00e4gen und dem Hinzuf\u00fcgen zeitgen\u00f6ssischer Werke, sei es im Park oder im Eingangsbereich, die diesen prestigetr\u00e4chtigen und repr\u00e4sentativen Raum, die Halle der Vaudoise, bereichern.<\/p>\r\n\r\n\r\n\r\n<p>Gibt es Gemeinsamkeiten zwischen dem Sitz der Vaudoise und der Aula des C\u00e8dres? Die Aula des C\u00e8dres ist ein etwas sp\u00e4teres Werk. Sie wurde 1962, im Todesjahr des Architekten, fertiggestellt und stellt eine strukturelle Geste dar. Es handelt sich um eine grosse, doppelt gekr\u00fcmmte Betonwand aus Spannbeton. Es handelt sich also um eine strukturelle Geste, die in der Karriere des Architekten ziemlich einzigartig ist. Aber, und ich glaube, der Name deutet darauf hin, beide Bauten teilen diese \u00d6ffnung zur Landschaft, diese organische Verbindung mit der unmittelbaren Umgebung und insbesondere mit dem Genfersee. Es gab einige Werke, Leuchten und Designelemente, die f\u00fcr die Aula realisiert wurden. Aber ich glaube, dass das Wesentliche diese Beziehung zur Natur ist, die der Architektur von Jean Tschumi ihre einzigartige Dimension verleiht.<\/p>\r\n\r\n\r\n\r\n<p>Bryan, ich w\u00fcnsche dir eine gute Zeit. Ciao<\/p>\r\n\r\n\r\n\r\n<div class=\"wp-block-spacer\" style=\"height: 11px;\" aria-hidden=\"true\">\u00a0<\/div>\r\n\r\n\r\n\r\n<p>\u00b0\u00b0<\/p>\r\n\r\n\r\n\r\n<p class=\"has-small-font-size\">ART'S COOL oder ART IS COOL!<\/p>\r\n\r\n\r\n\r\n<p class=\"has-small-font-size\">Dies ist eine Begegnung mit einem zeitgen\u00f6ssischen Kunstwerk in der Schweiz, betrachtet, erkundet, und hinterfragt von jungen Menschen. Auf die Fragen der Jugendlichen geben wiederum die K\u00fcnstlerin oder der K\u00fcnstler auf ihre Weise eine Antwort. Ganz einfach, nicht?<\/p>\r\n\r\n\r\n\r\n<p class=\"has-small-font-size\">Manchmal l\u00e4dt ART'S COOL dich zu einer Erfahrung der Art \"Happy Views\" ein \u2013 wie heute mit der Architektur des Hauptsitzes der Vaudoise Versicherungen: \"Le C\u00e8dre\", entworfen von dem Architekten Jean Tschumi. Dieses Bauwerk wird von Bryans neugierigen Augen untersucht, und seine Fragen werden von <a href=\"https:\/\/fr.linkedin.com\/in\/st%C3%A9phanie-quantin-biancalani-931688a5\">St\u00e9phanie Quantin Biancalani<\/a>, Kunst- und Architekturhistorikerin, beantwortet.<\/p>\r\n\r\n\r\n\r\n<p class=\"has-small-font-size\">Dieses Geb\u00e4ude beherbergt einen Teil der Kunstsammlung der <a href=\"https:\/\/www.vaudoise.ch\/\">Vaudoise Versicherungen<\/a>.<\/p>\r\n\r\n\r\n\r\n<p class=\"has-small-font-size\">Und sammle zeitgen\u00f6ssische Kunst mit deinen Ohren! Triff fast jede Woche auf eine neue Episode um deine eigene Sammlung zu komplettieren \u2013 jedes Mal mit einem anderen Fokus zu einem Kunstwerk in der Schweiz.<\/p>\r\n\r\n\r\n\r\n<p class=\"has-small-font-size\">Du findest alle Portraits der jugendlichen Fans der zeitgen\u00f6ssischen Kunst, die Kurzbiographien der interviewten K\u00fcnstlerinnen und K\u00fcnstler und die Bilder der Werke auf der Webseite <a href=\"https:\/\/artscool.ch\/de\/\">artscool.ch\/de<\/a>.<\/p>\r\n\r\n\r\n\r\n<p class=\"has-small-font-size\">Falls du zur Verbreitung des Podcasts ART\u2019S   COOL beitragen m\u00f6chtest, z\u00f6gere nicht\u2026\nin deinem Umfeld dar\u00fcber zu sprechen,\nden Podcast auf deiner bevorzugten Plattform zu abonnieren und mit f\u00fcnf Sternen zu bewerten<\/p>\r\n\r\n\r\n\r\n<p class=\"has-small-font-size\">Du kannst uns auch auf Instagram folgen unter dem Account <a href=\"https:\/\/www.instagram.com\/young_pods\/\">young_pods<\/a>.<\/p>\r\n\r\n\r\n\r\n<p class=\"has-small-font-size\">Diese Episode des ART'S COOL Podcasts wird mit der wertvollen Unterst\u00fctzung der Vaudoise Versicherungen produziert und ausgestrahlt.<\/p>\r\n\r\n\r\n\r\n<p class=\"has-small-font-size\">Mit der Stimme von Florence Grivel in der franz\u00f6sischen Version und Stephan Kyburz in der deutschen Version.<br \/>Musik and Sounddesign von Christophe Gonet.<\/p>\r\n\r\n\r\n\r\n<p class=\"has-small-font-size\">Dies ist eine Produktion <a href=\"https:\/\/www.youngpods.ch\/\">Young Pods<\/a>.<\/p>","protected":false},"excerpt":{"rendered":"<p>Le C\u00e8dre, Hauptsitz der Vaudoise, Lausanne: Bryan erkundet die Architektur von Jean Tschumi. Neben der Faszination f\u00fcr die luftige Treppe wirft das Geb\u00e4ude viele Fragen auf, die St\u00e9phanie Quantin Biancalani, Konservatorin an der Cit\u00e9 de l'architecture et du patrimoine in Paris, beantwortet.<\/p>","protected":false},"featured_media":2313,"template":"","artist":[234],"canton":[156],"episode-":[76],"season":[42],"podcast-categories":[],"class_list":["post-2312","podcast","type-podcast","status-publish","has-post-thumbnail","hentry","artist-jean-tschumi","canton-vaud","episode--episode-28","season-season-1"],"acf":[],"_links":{"self":[{"href":"https:\/\/artscool.ch\/de\/wp-json\/wp\/v2\/podcast\/2312","targetHints":{"allow":["GET"]}}],"collection":[{"href":"https:\/\/artscool.ch\/de\/wp-json\/wp\/v2\/podcast"}],"about":[{"href":"https:\/\/artscool.ch\/de\/wp-json\/wp\/v2\/types\/podcast"}],"version-history":[{"count":2,"href":"https:\/\/artscool.ch\/de\/wp-json\/wp\/v2\/podcast\/2312\/revisions"}],"predecessor-version":[{"id":3080,"href":"https:\/\/artscool.ch\/de\/wp-json\/wp\/v2\/podcast\/2312\/revisions\/3080"}],"wp:featuredmedia":[{"embeddable":true,"href":"https:\/\/artscool.ch\/de\/wp-json\/wp\/v2\/media\/2313"}],"wp:attachment":[{"href":"https:\/\/artscool.ch\/de\/wp-json\/wp\/v2\/media?parent=2312"}],"wp:term":[{"taxonomy":"artist","embeddable":true,"href":"https:\/\/artscool.ch\/de\/wp-json\/wp\/v2\/artist?post=2312"},{"taxonomy":"canton","embeddable":true,"href":"https:\/\/artscool.ch\/de\/wp-json\/wp\/v2\/canton?post=2312"},{"taxonomy":"episode-","embeddable":true,"href":"https:\/\/artscool.ch\/de\/wp-json\/wp\/v2\/episode-?post=2312"},{"taxonomy":"season","embeddable":true,"href":"https:\/\/artscool.ch\/de\/wp-json\/wp\/v2\/season?post=2312"},{"taxonomy":"podcast-categories","embeddable":true,"href":"https:\/\/artscool.ch\/de\/wp-json\/wp\/v2\/podcast-categories?post=2312"}],"curies":[{"name":"wp","href":"https:\/\/api.w.org\/{rel}","templated":true}]}}