{"id":2191,"date":"2022-04-28T17:38:16","date_gmt":"2022-04-28T15:38:16","guid":{"rendered":"https:\/\/artscool.ch\/?post_type=podcast&#038;p=2191"},"modified":"2024-10-04T13:12:42","modified_gmt":"2024-10-04T11:12:42","slug":"maia-markus-raetz","status":"publish","type":"podcast","link":"https:\/\/artscool.ch\/de\/podcast\/maia-markus-raetz\/","title":{"rendered":"Maia &amp; Markus Raetz"},"content":{"rendered":"<p>&nbsp;<\/p>\r\n\r\n\r\n\r\n<p><strong>Hallo, mein Name ist Maia. Ich bin 16 Jahre alt und wohne in Genf.<\/strong><\/p>\r\n\r\n\r\n\r\n<p><strong>F\u00fcr mich ist Kunst eine Art, die Dinge zu sehen, und ich habe eine Verabredung mit einem Kunstwerk im Mus\u00e9e d'art et d'histoire in Genf. Kommst du mit?<\/strong><\/p>\r\n\r\n\r\n\r\n<div class=\"wp-block-spacer\" style=\"height: 35px;\" aria-hidden=\"true\">\u00a0<\/div>\r\n\r\n\r\n\r\n<p>&nbsp;<\/p>\r\n\r\n\r\n\r\n<div class=\"wp-block-spacer\" style=\"height: 50px;\" aria-hidden=\"true\">\u00a0<\/div>\r\n\r\n\r\n\r\n<p>MAIA:<\/p>\r\n\r\n\r\n\r\n<p>Hallo, ich habe eine Verabredung mit einem Werk von Markus Raetz mit dem Titel \"Metamorphose I\", wo kann ich es finden?<\/p>\r\n\r\n\r\n\r\n<p>EMPFANG DES MUSEUMS:<\/p>\r\n\r\n\r\n\r\n<p>Sie finden es zu Ihrer linken Seite. Folgen Sie einfach dem Weg bis zum Raum \"Von der Mehrdeutigkeit zum R\u00e4tsel\", in dem sich das Werk befindet.<\/p>\r\n\r\n\r\n\r\n<p>Viel Vergn\u00fcgen!<\/p>\r\n\r\n\r\n\r\n<div class=\"wp-block-spacer\" style=\"height: 50px;\" aria-hidden=\"true\">\u00a0<\/div>\r\n\r\n\r\n\r\n<p class=\"has-x-large-font-size\">MAIA:<\/p>\r\n\r\n\r\n\r\n<div class=\"wp-block-spacer\" style=\"height: 35px;\" aria-hidden=\"true\">\u00a0<\/div>\r\n\r\n\r\n\r\n<p>Ich bin auf der Suche nach meinem Werk und versuche, es zu erkennen. Es gibt eine Menge M\u00f6bel und eine Gravur gleich hinter mir - Dinge aus verschiedenen Epochen. Es hat auch \u00d6lgem\u00e4lde. Und genau dies schafft diese Mehrdeutigkeit, weil man nicht versteht, was vor sich geht. Und ich denke, ich habe mein Werk gefunden.<\/p>\r\n\r\n\r\n\r\n<p>Es ist die einzige Skulptur im Raum. Sie steht auf einem Zylinder. Man kann um sie herum gehen, und ich glaube, hier spielt der Titel des Werks \"Metamorphose\" eine Rolle. Denn je mehr man sich dreht, desto mehr sieht man etwas anderes. \u00dcber diesem Sockel - der Sockel muss 1,60 m gross sein - befindet sich eine Skulptur, die aus Eisen ist. Sie sieht von unten wie ein Kaninchen aus, aber wenn man sich dreht, sieht man einen Mann mit einem Hut. Je nachdem, wo man steht, sieht man nicht dasselbe: Ich denke, dies ist eine interessante Sichtweise auf ein Werk. Ich sehe in den Spiegel: Man hat eine andere Sicht, man kann andere Teile des Raumes sehen, was wieder zu dieser Mehrdeutigkeit f\u00fchrt. Ich glaube, wenn man sich gut genug positioniert, sieht man sowohl das Kaninchen als auch den Mann mit Hut. Ja, und das finde ich sehr interessant. Man kann zwei Dinge auf einmal sehen, und man kann es nicht nur alleine machen, sondern auch mithilfe eines Spiegels. Es ist sch\u00f6n zu wissen, dass ein Spiegelbild nie ganz exakt ist.<\/p>\r\n\r\n\r\n\r\n<p>Das Werk heisst \"Metamorphose\" und wurde 1991 von Markus Raetz geschaffen. Es handelt sich um eine Skulptur aus Gusseisen. Die Abmessungen betragen 32,3 x 27 x 12,5 cm. Es handelt sich um ein Werk, das recht klein erscheinen mag, aber da es sich um einen Eisenguss handelt, muss es sehr schwer sein.<\/p>\r\n\r\n\r\n\r\n<p>Ich habe einige Fragen an Jean-Hubert Martin (Kurator der Ausstellung):<\/p>\r\n\r\n\r\n\r\n<p>&nbsp;<\/p>\r\n\r\n\r\n\r\n<ul class=\"wp-block-list\">\r\n<li>Warum Eisen, vor allem, wenn es ein Kaninchen darstellen soll?<\/li>\r\n\r\n\r\n\r\n<li>Wenn man eine der Facetten des Werks behalten m\u00fcsste, w\u00fcrde man dann das Kaninchen oder den Mann behalten? Und warum?<\/li>\r\n\r\n\r\n\r\n<li>Wie soll man sich f\u00fchlen? Dass man nie wirklich Recht hat? Dass man die Dinge immer von zwei Seiten betrachten kann?<\/li>\r\n\r\n\r\n\r\n<li>Warum ein Mensch und ein Kaninchen? Hat der Mensch etwas mit dem Kaninchen zu tun?<\/li>\r\n\r\n\r\n\r\n<li>Ich w\u00e4re sehr daran interessiert zu verstehen, warum diese Mehrdeutigkeit in diesem Raum so wichtig ist. Und was ist die Verbindung zwischen den einzelnen Werken in diesem Raum, der \"von der Mehrdeutigkeit zum R\u00e4tsel\" heisst?<\/li>\r\n\r\n\r\n\r\n<li>Wenn man diese Skulptur sieht, m\u00f6chte man l\u00e4cheln. Kann man \u00fcber Kunst l\u00e4cheln?<\/li>\r\n<\/ul>\r\n\r\n\r\n\r\n<div class=\"wp-block-spacer\" style=\"height: 50px;\" aria-hidden=\"true\">\u00a0<\/div>\r\n\r\n\r\n\r\n<p class=\"has-x-large-font-size\">JEAN-HUBERT MARTIN:<\/p>\r\n\r\n\r\n\r\n<div class=\"wp-block-spacer\" style=\"height: 35px;\" aria-hidden=\"true\">\u00a0<\/div>\r\n\r\n\r\n\r\n<p>Hallo Maia,<\/p>\r\n\r\n\r\n\r\n<p>Du fragst dich, warum diese Skulptur von Markus Raetz aus Eisen ist und vor allem, ob sie etwas mit einem Kaninchen zu tun hat. Ich denke, das ist eine Frage, die sich der K\u00fcnstler nicht wirklich gestellt hat. In der Skulptur gibt es Venusfiguren, die aus Marmor oder Bronze sind, und diese Materialien haben nichts mit der Darstellung der betreffenden Venus zu tun. Eisen ist dar\u00fcber hinaus tats\u00e4chlich eine recht ungew\u00f6hnliche Wahl, denn wenn K\u00fcnstler Skulpturen machen wollen, w\u00e4hlen sie normalerweise Bronze. Warum Markus Raetz in diesem Fall Eisen gew\u00e4hlt hat, wei\u00df ich nicht. Aber auf jeden Fall k\u00f6nnen Sie beruhigt sein, dass es nichts direkt mit dem Kaninchen zu tun hat.<\/p>\r\n\r\n\r\n\r\n<p>Du fragst dich, wie sich dieses Werk anf\u00fchlen soll. Und genau das ist die Frage, die ich dir stellen sollte. Du musst es sagen, denn der K\u00fcnstler schafft ein Werk; es ist seine Art, mit dir zu kommunizieren, und es liegt an dir, etwas zu empfinden. Nat\u00fcrlich m\u00f6chte er, dass ihr beide Bilder seht und dass es diese Ambivalenz ist, die dich interessiert und auf die du reagierst, bel\u00e4chelst oder ber\u00fchrt. Aber es liegt an dir, zu sagen, was du f\u00fchlst. Der K\u00fcnstler versucht, bei dir Empfindungen und Emotionen auszul\u00f6sen. Und es liegt an dir, ob das funktioniert, ob es tats\u00e4chlich etwas in dir ausl\u00f6st oder nicht.<\/p>\r\n\r\n\r\n\r\n<p>Tats\u00e4chlich sieht man etwas anderes, wenn man sich vor der Skulptur ein wenig bewegt. Und im Spiegel ist es das Gleiche. Es ist nicht anders. Der Spiegel kann also tats\u00e4chlich nur eine Realit\u00e4t widerspiegeln. Im Grunde ist der Spiegel sogar ein wenig \u00fcberfl\u00fcssig; der K\u00fcnstler hat ihn nur aufgestellt, um dich dazu zu bringen, genau hinzusehen. Denn sonst k\u00f6nntest du an der Skulptur vorbeilaufen und nur eines der beiden Bilder sehen, ohne diese Zweideutigkeit zu erkennen.<\/p>\r\n\r\n\r\n\r\n<p>Welche Seite des Kunstwerks sollte man behalten, den Mann (der eigentlich ein anderer K\u00fcnstler namens Joseph Beuys ist, der hier mit seinem Hut, den er immer auf dem Kopf hatte, abgebildet ist) oder das Kaninchen? Ich glaube, dass man sich nicht entscheiden sollte, denn wenn man sich entscheiden w\u00fcrde, w\u00fcrde es zu einer v\u00f6llig banalen Skulptur eines Kaninchens oder eines Herrn mit Hut werden. Und das ist \u00fcberhaupt nicht die Absicht des K\u00fcnstlers. Der ganze Sinn besteht darin, dass man beides sehen kann, je nachdem, aus welchem Winkel man es betrachtet.<\/p>\r\n\r\n\r\n\r\n<p>Dieses Kunstwerk hat dich zum L\u00e4cheln gebracht. Das ist eine sehr gute Sache, denn es gibt keinen Grund, warum man in Museen nicht l\u00e4cheln sollte. Museen sollen durch die zahlreichen Werke, die von K\u00fcnstlern geschaffen wurden, eine Art Bild des Lebens vermitteln, einen Bericht dar\u00fcber, was das Leben ist. Im Theater zum Beispiel gibt es zwei Pole, die nebeneinander existieren: die Trag\u00f6die und die Kom\u00f6die. Und all das ist Teil des Lebens. Man kann in einer Kom\u00f6die genauso viel lernen wie in einer Trag\u00f6die. Es gibt also absolut keinen Grund, warum das Museum auf eine ernste, strenge, starre Dimension beschr\u00e4nkt sein sollte, die auf der Seite der Dramatik angesiedelt ist. Wenn man sich Kunstwerke genau anschaut, kann man oft dar\u00fcber l\u00e4cheln.<\/p>\r\n\r\n\r\n\r\n<p>Dieser Raum heisst \"Von der Mehrdeutigkeit zum R\u00e4tsel\" und die Verbindung zwischen den Werken besteht darin, dass in fast jedem von ihnen verborgene Bilder zu finden sind. So kann man beispielsweise unter rein dekorativen Aspekten ein Gesicht erkennen. Das ist ein Ph\u00e4nomen, das seit dem 16. Jahrhundert in der Malerei und Grafik zu finden ist, etwa wenn Felsen oder Klippen von vorne gesehen Profile oder Gesichter zeigen. Und ich lade den Besucher ein, dies zu entdecken, ohne ihm alle Schl\u00fcssel zu geben. Es liegt gerade an ihm, genau hinzuschauen und das Vergn\u00fcgen zu haben, das Bild zu entdecken, das der K\u00fcnstler ihm auf nicht ganz offensichtliche Weise nahelegen wollte. Insofern spielt der K\u00fcnstler mit dem Besucher und beide finden Gefallen daran.<\/p>\r\n\r\n\r\n\r\n<p>&nbsp;<\/p>\r\n\r\n\r\n\r\n<div class=\"wp-block-spacer\" style=\"height: 30px;\" aria-hidden=\"true\">\u00a0<\/div>\r\n\r\n\r\n\r\n<p>\u00b0\u00b0<\/p>\r\n\r\n\r\n\r\n<p class=\"has-small-font-size\">\"ART'S COOL\" oder \"Art is cool\"!<\/p>\r\n\r\n\r\n\r\n<p class=\"has-small-font-size\">Dies ist eine Begegnung mit einem zeitgen\u00f6ssischen Kunstwerk in der Schweiz, betrachtet, erkundet, und hinterfragt von jungen Menschen. Auf die Fragen der Jugendlichen geben wiederum die K\u00fcnstlerin oder der K\u00fcnstler auf ihre Weise eine Antwort. Ganz einfach, nicht?<\/p>\r\n\r\n\r\n\r\n<p class=\"has-small-font-size\">Heute ging es um Markus Raetz' \"Metamorphose I\", die von Maias neugierigem Blick untersucht wurde. In dieser ART'S COOL-Episode haben wir die Fragen ausnahmsweise an den Kurator der Ausstellung \"Pas besoin d'un dessin\", Jean-Hubert Martin, gerichtet.\u00a0<\/p>\r\n\r\n\r\n\r\n<p class=\"has-small-font-size\">Verpasse nicht das Kunstwerk in Wirklichkeit selber zu entdecken, im <a href=\"http:\/\/institutions.ville-geneve.ch\/fr\/mah\/\">Museum f\u00fcr Kunst und Geschichte in Genf<\/a>bis zum 19. Juni 2022.<\/p>\r\n\r\n\r\n\r\n<p class=\"has-small-font-size\">Und sammle zeitgen\u00f6ssische Kunst mit deinen Ohren! Triff fast jede Woche auf eine neue Episode um deine eigene Sammlung zu komplettieren \u2013 jedes Mal mit einem anderen Fokus zu einem Kunstwerk in der Schweiz.<\/p>\r\n\r\n\r\n\r\n<p class=\"has-small-font-size\">Du findest alle Portraits der jugendlichen Fans der zeitgen\u00f6ssischen Kunst, die Kurzbiographien der interviewten K\u00fcnstlerinnen und K\u00fcnstler und die Bilder der Werke auf der Webseite <a href=\"https:\/\/artscool.ch\/de\/\">artscool.ch\/de<\/a>.<\/p>\r\n\r\n\r\n\r\n<p class=\"has-small-font-size\">Falls du zur Verbreitung des Podcasts ART\u2019S   COOL beitragen m\u00f6chtest, z\u00f6gere nicht\u2026\nin deinem Umfeld dar\u00fcber zu sprechen,\nden Podcast auf deiner bevorzugten Plattform zu abonnieren und mit f\u00fcnf Sternen zu bewerten<\/p>\r\n\r\n\r\n\r\n<p class=\"has-small-font-size\">Du kannst uns auch auf Instagram folgen unter dem Account <a href=\"https:\/\/www.instagram.com\/young_pods\/\">young_pods<\/a>.<\/p>\r\n\r\n\r\n\r\n<p class=\"has-small-font-size\">Der Podcast ART\u2019S COOL wird realisiert und ausgestrahlt mit der grossz\u00fcgigen Unterst\u00fctzung der Loterie Romande, Pro Helvetia, der Fondation Gandur pour la Jeunesse, der Ernst G\u00f6hner Stiftung, der Oertli-Stiftung, der Sandoz-Familienstiftung und dem Migros-Kulturprozent.<\/p>\r\n\r\n\r\n\r\n<p class=\"has-small-font-size\">Mit der Stimme von Florence Grivel in der franz\u00f6sischen Version und Stephan Kyburz in der deutschen Version.<br \/>Musik and Sounddesign von Christophe Gonet.<\/p>\r\n\r\n\r\n\r\n<p class=\"has-small-font-size\">Dies ist eine Produktion <a href=\"https:\/\/www.youngpods.ch\/\">Young Pods<\/a> (www.youngpods.ch).<\/p>","protected":false},"excerpt":{"rendered":"<p>Mus\u00e9e d'art et d'histoire de Gen\u00e8ve: Am\u00fcsiert und verbl\u00fcfft von den Doppeldeutigkeiten in Markus Raetz' \"M\u00e9tamorphose I\", richtet Maia eine Reihe von Fragen an den Kurator der Ausstellung, Jean-Hubert Martin.<\/p>","protected":false},"featured_media":2193,"template":"","artist":[217],"canton":[141],"episode-":[66],"season":[42],"podcast-categories":[],"class_list":["post-2191","podcast","type-podcast","status-publish","has-post-thumbnail","hentry","artist-markus-raetz","canton-geneve","episode--episode-19","season-season-1"],"acf":[],"_links":{"self":[{"href":"https:\/\/artscool.ch\/de\/wp-json\/wp\/v2\/podcast\/2191","targetHints":{"allow":["GET"]}}],"collection":[{"href":"https:\/\/artscool.ch\/de\/wp-json\/wp\/v2\/podcast"}],"about":[{"href":"https:\/\/artscool.ch\/de\/wp-json\/wp\/v2\/types\/podcast"}],"version-history":[{"count":2,"href":"https:\/\/artscool.ch\/de\/wp-json\/wp\/v2\/podcast\/2191\/revisions"}],"predecessor-version":[{"id":3088,"href":"https:\/\/artscool.ch\/de\/wp-json\/wp\/v2\/podcast\/2191\/revisions\/3088"}],"wp:featuredmedia":[{"embeddable":true,"href":"https:\/\/artscool.ch\/de\/wp-json\/wp\/v2\/media\/2193"}],"wp:attachment":[{"href":"https:\/\/artscool.ch\/de\/wp-json\/wp\/v2\/media?parent=2191"}],"wp:term":[{"taxonomy":"artist","embeddable":true,"href":"https:\/\/artscool.ch\/de\/wp-json\/wp\/v2\/artist?post=2191"},{"taxonomy":"canton","embeddable":true,"href":"https:\/\/artscool.ch\/de\/wp-json\/wp\/v2\/canton?post=2191"},{"taxonomy":"episode-","embeddable":true,"href":"https:\/\/artscool.ch\/de\/wp-json\/wp\/v2\/episode-?post=2191"},{"taxonomy":"season","embeddable":true,"href":"https:\/\/artscool.ch\/de\/wp-json\/wp\/v2\/season?post=2191"},{"taxonomy":"podcast-categories","embeddable":true,"href":"https:\/\/artscool.ch\/de\/wp-json\/wp\/v2\/podcast-categories?post=2191"}],"curies":[{"name":"wp","href":"https:\/\/api.w.org\/{rel}","templated":true}]}}